{"id":4748,"date":"2020-02-13T12:11:38","date_gmt":"2020-02-13T12:11:38","guid":{"rendered":"http:\/\/canserrat.org\/?page_id=4748"},"modified":"2023-02-21T15:46:26","modified_gmt":"2023-02-21T15:46:26","slug":"2019-2020-ongoing-con-xavi-acarin-parasitio3","status":"publish","type":"page","link":"https:\/\/canserrat.org\/es\/parasitio\/2019-2020-ongoing-con-xavi-acarin-parasitio3","title":{"rendered":"2019 &#8211; 2020 Parasitio #3&#8211;Temptativa Colectiva con Xavi Acar\u00edn"},"content":{"rendered":"&nbsp;<\/p>\n<h2 style=\"text-align: center;\"><b>TEMPTATIVA COLECTIVA\/\/<\/b> <b>COLLECTIVE ATTEMPT\u00a0<\/b><\/h2>\n<p>&nbsp;<\/p>\n<p><a href=\"http:\/\/canserrat.org\/wp-content\/uploads\/2020\/03\/mountain.jpg\"><img decoding=\"async\" loading=\"lazy\" class=\"aligncenter wp-image-4926 size-large\" src=\"http:\/\/canserrat.org\/wp-content\/uploads\/2020\/03\/mountain-1024x768.jpg\" alt=\"\" width=\"940\" height=\"705\" srcset=\"https:\/\/canserrat.org\/wp-content\/uploads\/2020\/03\/mountain-1024x768.jpg 1024w, https:\/\/canserrat.org\/wp-content\/uploads\/2020\/03\/mountain-300x225.jpg 300w\" sizes=\"(max-width: 940px) 100vw, 940px\" \/><\/a><\/p>\n<p>&nbsp;<\/p>\n<p><strong>Can Serrat invit\u00f3 a Xavi Acar\u00edn a seguir la residencia durante 2019 y organizar un evento en relaci\u00f3n con el trabajo de los residentes seleccionados. <em>Collective Attempt<\/em> es el nombre del proyecto que ha propuesto. A continuaci\u00f3n hay m\u00e1s informaci\u00f3n sobre c\u00f3mo planeamos celebrar esta colaboraci\u00f3n.<\/strong><\/p>\n<p><strong>Esta programaci\u00f3n ser\u00e1 la tercera iteraci\u00f3n del proyecto anual PARASITIO de Can Serrat.<\/strong><\/p>\n<p>&nbsp;<\/p>\n<p><span style=\"color: #0000ff;\">Este evento se cancel\u00f3 para el verano de 2020, hi ha sido reprogramado a septiembre de 2022.<\/span><\/p>\n<p>&nbsp;<\/p>\n<h4 style=\"text-align: center;\">\u00bfQU\u00c9 ES TEMPTATIVA COLECTIVA \/\/ COLLECTIVE ATTEMPT?<\/h4>\n<p>&nbsp;<\/p>\n<p class=\"p2\"><span class=\"s1\">Tentativa Colectiva es un taller de una semana de organizado por el comisario\u00a0<a href=\"http:\/\/www.xaviacarin.net\/\">Xavier Acar\u00edn<\/a>. Se desarrollar\u00e1 en la Residencia Internacional Can Serrat, una casa del siglo XVIII situada en el parque natural de la monta\u00f1a de Montserrat, a las afueras de Barcelona, del\u00a0<b>4 al 11 de septiembre de 2022<\/b>.<\/span><\/p>\n<p class=\"p2\"><span class=\"s1\">Los comisarios y artistas invitados (v\u00e9ase m\u00e1s abajo) propondr\u00e1n una serie de actividades, lecturas y ejercicios que activar\u00e1n conversaciones y experimentos en torno a la creciente y urgente necesidad de contar con comunidades y estructuras sociales construidas sobre nociones de colaboraci\u00f3n y cooperaci\u00f3n, especialmente teniendo en cuenta el aumento actual de innumerables crisis a escala global.<\/span><\/p>\n<p class=\"p2\"><span class=\"s1\">Esta programaci\u00f3n ser\u00e1 la tercera edici\u00f3n del proyecto anual de residencia PARASITIO.<\/span><\/p>\n<p>&nbsp;<\/p>\n<h4 style=\"text-align: center;\"><b>QUIEN ESTA INVOLUCRADO?<\/b><\/h4>\n<p><strong><i>Artistas seleccionados de 2019<\/i><\/strong><\/p>\n<p>Tentativa Colectiva parte del trabajo de los artistas residentes en Can Serrat seleccionados para 2019:\u00a0\u2014<a href=\"https:\/\/www.instagram.com\/mohammadalfaraj\/?hl=en\"><span class=\"s2\">Mohammad Alfaraj<\/span><\/a>,\u00a0<a href=\"http:\/\/vanessadonosolopez.com\/\"><span class=\"s2\">Vanessa Donoso<\/span><\/a>,\u00a0<a href=\"http:\/\/brunocaracol.info\/\"><span class=\"s2\">Bruno Caracol<\/span><\/a>,\u00a0<a href=\"https:\/\/duncangibbs.co.uk\/\"><span class=\"s2\">Duncan Gibbs<\/span><\/a>,\u00a0<a href=\"https:\/\/www.natalyagimson.com\/\"><span class=\"s2\">Natalya Gimson<\/span><\/a>,\u00a0<a href=\"https:\/\/floykrouchi.org\/\"><span class=\"s2\">Floy Krouchi<\/span><\/a>,\u00a0<a href=\"https:\/\/www.instagram.com\/tutic.studio\/?hl=en\"><span class=\"s2\">Yezica Tutic<\/span><\/a>, and<a href=\"https:\/\/www.mariannevieules.space\/\"><span class=\"s2\">\u00a0Marianne Vieul\u00e8s<\/span><\/a>.\u00a0Las pr\u00e1cticas de estos artistas se entrelazan con temas similares que se explorar\u00e1n durante los talleres de tentativa colectiva, como la comunidad, el trabajo local y con la tierra, el juego, la permacultura y el medio ambiente.<\/p>\n<p>&nbsp;<\/p>\n<p><strong><i>Curador@s invitados<\/i><\/strong><\/p>\n<p>Partiendo del trabajo de los artistas seleccionados mencionados anteriormente, Acar\u00edn ha invitado a curadores invitados y artistas practicantes del contexto catal\u00e1n como Caterina Almirall, Ignacio de Antonio y Jara Rocha para proponer una serie de actividades, lecturas y debates. En colaboraci\u00f3n con los residentes de 2019, estos ejercicios activar\u00e1n los temas que abordan en sus respectivas pr\u00e1cticas en relaci\u00f3n con la comunidad de Can Serrat.<\/p>\n<p>&nbsp;<\/p>\n<p><strong>\u00a1T\u00fa!<\/strong><\/p>\n<p>Este programa est\u00e1 abierto a otros 8 participantes adicionales que trabajan en arte e investigaci\u00f3n.<\/p>\n<p>&nbsp;<\/p>\n<p>&nbsp;<\/p>\n<h4 style=\"text-align: center;\"><b>CONTENIDO<\/b><\/h4>\n<p class=\"p2\"><span class=\"s1\">Concebido originalmente en 2019 como una exploraci\u00f3n de colaboraciones art\u00edsticas entre agentes humanos y no humanos, el proyecto Tentativa Colectiva fue cancelado debido al estallido de la pandemia. El virus, el gran perturbador, apareci\u00f3 en nuestras vidas acelerando las desigualdades, reflejando el ecocidio infligido a millones de especies, e impuls\u00e1ndonos hacia un futuro de miedo y deterioro.\u00a0 Ahora, al borde de una guerra a gran escala, nos enfrentamos de nuevo a \u201cla peor crisis desde 1945\u201d, quiz\u00e1 por tercera vez en este siglo (2008, 2020, 2022).<\/span><\/p>\n<p class=\"p2\"><span class=\"s1\">\u00a0<\/span><\/p>\n<p class=\"p2\"><span class=\"s1\">En los \u00faltimos a\u00f1os, el arte contempor\u00e1neo se ha centrado en el cuidado y las infraestructuras como formas de cultivar y diseccionar las interdependencias del planeta, situando la colectividad como elemento central del debate sobre c\u00f3mo vivir juntos. A medida que las tensiones globales se intensifican, y que la lucha entre la dominaci\u00f3n colonial y la resistencia aut\u00f3noma se agudiza, \u00bfes posible concebir una pr\u00e1ctica de la colectividad como convivencia jovial?<\/span><\/p>\n<p class=\"p2\"><span class=\"s1\">\u00a0<\/span><\/p>\n<p class=\"p2\"><span class=\"s1\">Durante una semana y a trav\u00e9s de una serie de exploraciones f\u00edsicas, materiales y sensoriales, consideraremos las complejidades entre cuerpos y tecnolog\u00edas, permacultura y cooperaci\u00f3n, mutualismo y performatividad. Centr\u00e1ndonos en la comida, la tierra, las piedras, los paseos, las plantas y los sonidos, los participantes considerar\u00e1n c\u00f3mo las pr\u00e1cticas art\u00edsticas pueden concebir la colectividad como una manifestaci\u00f3n maleable pero concreta del estar juntas. Considerando la espontaneidad, la reciprocidad y la emancipaci\u00f3n como pr\u00e1cticas que fomentan un campo de estudio transversal, los participantes elaborar\u00e1n modos de convivencia, de estar-con, de hacer mundo y de desobedecer, a trav\u00e9s de una serie de actividades, como lecturas, paseos, acciones, comidas y movimientos. Buscando superar la estandarizaci\u00f3n neoliberal y global de la experiencia y el conocimiento, el proyecto pretende desarrollar m\u00e9todos de colaboraci\u00f3n afirmativos, corporales, performativos y situados, pero adaptables a otras circunstancias.<\/span><\/p>\n<p>&nbsp;<\/p>\n<p>&nbsp;<\/p>\n<h4 style=\"text-align: center;\">RESULTADOS<\/h4>\n<p>El \u00faltimo d\u00eda del programa, el s\u00e1bado 10 de septiembre de 2022, Can Serrat acoger\u00e1 un acto p\u00fablico. Los participantes trabajar\u00e1n juntos para esta presentaci\u00f3n, utilizando la casa y sus alrededores para planificar una forma de participaci\u00f3n p\u00fablica. Can Serrat editar\u00e1 una publicaci\u00f3n de peque\u00f1o formato con una selecci\u00f3n de materiales del grupo participante que se incluir\u00e1 en la colecci\u00f3n PARASITIO.<\/p>\n<p>&nbsp;<\/p>\n<p>&nbsp;<\/p>\n<h4 style=\"text-align: center;\"><b>APLICACION Y FECHAS IMPORTANTES<\/b><\/h4>\n<p>Los interesados deben enviar un correo electr\u00f3nico a <span style=\"color: #0000ff;\"><a style=\"color: #0000ff;\" href=\"mailto:xacarinwieland@gmail.com\" target=\"_blank\" rel=\"noopener noreferrer\"><span style=\"font-weight: 400;\">xacarinwieland@gmail.com<\/span><\/a><\/span> con un curr\u00edculum vitae, una breve biograf\u00eda, una declaraci\u00f3n de inter\u00e9s (500 palabras) y un enlace al sitio web o cartera de su trabajo.<\/p>\n<p>Idiomas permitidos en la aplicaci\u00f3n: ingl\u00e9s, espa\u00f1ol, catal\u00e1n.<\/p>\n<p>&nbsp;<\/p>\n<p class=\"p2\"><span class=\"s1\"><b>El coste del programa es de 273 euros e incluye:<\/b><\/span><\/p>\n<ul>\n<li class=\"p3\"><span class=\"s1\">Alojamiento compartido o la opci\u00f3n de acampar.<\/span><\/li>\n<li class=\"p3\"><span class=\"s1\">Una cesta de alimentos b\u00e1sicos secos y frescos. (Los alimentos adicionales se pueden comprar en el pueblo).<\/span><\/li>\n<li class=\"p3\"><span class=\"s1\">Acceso a una cena comunitaria preparada.<\/span><\/li>\n<li class=\"p3\"><span class=\"s1\">Acceso a todos los espacios comunes (estudios, cocina equipada, sala de estar, aseos, etc.).<\/span><\/li>\n<li class=\"p3\"><span class=\"s1\">Acceso a los equipos (proyectores, imprenta, wifi limitado).<\/span><\/li>\n<li class=\"p3\"><span class=\"s1\">Acceso a las actividades abiertas organizadas por el programa de residencia internacional (seg\u00fan disponibilidad de horarios).<\/span><\/li>\n<li class=\"p3\"><span class=\"s1\">Acceso a todos los talleres y actividades relacionados con la programaci\u00f3n de Collective Attempt.<\/span><\/li>\n<li class=\"p3\"><span class=\"s1\">Participaci\u00f3n en una presentaci\u00f3n p\u00fablica al final de la semana.<\/span><\/li>\n<li class=\"p3\"><span class=\"s1\">Participaci\u00f3n en el dise\u00f1o de una publicaci\u00f3n experimental de peque\u00f1o formato.<\/span><\/li>\n<\/ul>\n<h4 style=\"text-align: center;\"><\/h4>\n<p style=\"text-align: left;\"><span style=\"font-weight: 400;\"><strong>Llegada:<\/strong> 4 de Septiembre, 2022<\/span><\/p>\n<p style=\"text-align: left;\"><strong>Fecha final del taller: <\/strong>11 de Septiembre, 2022<\/p>\n<p style=\"text-align: left;\"><span style=\"font-weight: 400;\"><strong>Presentaci\u00f3n y despedida:<\/strong> 10 de Septiembre,2022<\/span><\/p>\n<h4><\/h4>\n<h4 style=\"text-align: center;\"><b>Bios<\/b><\/h4>\n<p><a href=\"http:\/\/www.xaviacarin.net\" target=\"_blank\" rel=\"noopener noreferrer\"><span style=\"color: #0000ff;\"><b>Xavier Acar\u00edn Wieland <\/b><\/span><\/a> es un curador que trabaja en la intersecci\u00f3n entre performance, arquitectura y arte. Sus proyectos han abordado cuestiones relacionadas con la performatividad de los objetos, la cultura material, la precariedad y la globalizaci\u00f3n, la historia de la arquitectura y el pensamiento radical. Sus exposiciones y proyectos han sido presentados en <em>The New School for Social Research<\/em>, <em>Elastic City<\/em>,<em> Chez Bushwick<\/em>, <em>The Hessel Museum-CCS Bard<\/em>, <em>Peekskill Project 6<\/em>, <em>Abrons Arts Center<\/em>, <em>ESTE Gallery<\/em>, <em>Knockdown Center<\/em> y <em>Unbag-Wendy&#8217;s Subway<\/em> en Nueva York , La Ira de Dios \/ CheLA en Buenos Aires, <em>HIAP Suomenlinna<\/em> y <em>Muu Kaapeli<\/em> en Helsinki y LOOP Festival en Barcelona. Ha escrito textos para exposiciones en P.A.D. Galer\u00eda, Galer\u00eda Rosa Santos, Galer\u00eda ADN y <em>Participant Inc<\/em>. Sus art\u00edculos, ensayos y entrevistas han sido publicados en<em> A-Desk<\/em> (2008-presente), Culturas-La Vanguardia, Esnorquel, Terremoto y BRAC (Universidad de Barcelona). Ha participado como autor de los libros <em>Designing Experience<\/em> (Bloomsbury, 2014) y <em>Dear Helen<\/em> (CCS Bard, 2014). Actualmente est\u00e1 ense\u00f1ando en la <em>Parsons School of Design<\/em> y en la <em>School of Visual Arts<\/em> en la ciudad de Nueva York.<\/p>\n<p><a href=\"http:\/\/www.xaviacarin.net\" target=\"_blank\" rel=\"noopener noreferrer\"><span style=\"font-weight: 400;\">www.Xaviacarin.net<\/span><\/a><\/p>\n<p>&nbsp;<\/p>\n<p><b><a href=\"https:\/\/caterinaalmirall.com\/\" target=\"_blank\" rel=\"noopener noreferrer\"><span style=\"color: #0000ff;\">Caterina Almiral<\/span><\/a><span style=\"color: #0000ff;\">l<\/span><\/b><span style=\"font-weight: 400;\">, <\/span>es curadora independiente y profesora. Comenz\u00f3 a curar en el espacio autogestionado El Passad\u00eds (Barcelona), y estuvo activa all\u00ed entre 2013 y 2016. Desde entonces, ha desarrollado proyectos curatoriales como <em>The Night of the Body<\/em>, Bombon Projects, Barcelona, \u200b\u200b2019; Una exposici\u00f3n como hechizo, Can Felipa, Barcelona, \u200b\u200b2018; 85% del asunto, C.A. Maristany, Sant Cugat \/ MAC, Matar\u00f3, 2017\/18; Toco a la puerta principal de piedra, La Puntual, Sant Cugat \/ La Panera, Lleida \/ Espacio Trap\u00e9zio, Madrid, 2016; La gran ilusi\u00f3n, Sala d&#8217;art; Art Jove, Barcelona, \u200b\u200b2015. Ha comisariado el proyecto de un a\u00f1o Terrassa Comisariado 2017\/18 con Medici\u00f3n precisa de los picos legendarios !, y el programa <em>EPHEMERAL<\/em> en SWAB <em>Art Fair<\/em> Barcelona 2018, 2019, 2020. Actualmente est\u00e1 preparando un proyecto curatorial en El marco de BCNProducci\u00f3 2019\/20. Ha colaborado en numerosas ocasiones con otros artistas en proyectos creativos y de investigaci\u00f3n. Ella escribe regularmente para la revista cultural <em>A * Desk<\/em>. Es profesora de Sociolog\u00eda de las Artes en la Facultad de Bellas Artes de la Universidad de Barcelona desde 2016. Licenciada en Bellas Artes y M\u00e1ster en Artes y Educaci\u00f3n en la Universidad de Barcelona. Actualmente est\u00e1 siguiendo el programa de doctorado en Educaci\u00f3n en Artes y Cultura Visual, en la misma Universidad, con un proyecto de investigaci\u00f3n en torno a la relaci\u00f3n entre las pr\u00e1cticas autogestionadas e institucionales en el contexto art\u00edstico de Barcelona.<\/p>\n<p><a href=\"https:\/\/caterinaalmirall.com\/\" target=\"_blank\" rel=\"noopener noreferrer\"><span style=\"font-weight: 400;\">https:\/\/caterinaalmirall.com\/<\/span><\/a><\/p>\n<p>&nbsp;<\/p>\n<p><span style=\"color: #0000ff;\"><a style=\"color: #0000ff;\" href=\"http:\/\/ignaciodeantonioanton.com\/\" target=\"_blank\" rel=\"noopener noreferrer\"><b>Ignacio de Antonio Ant\u00f3n<\/b><\/a><\/span><span style=\"font-weight: 400;\">, es investigador y artista. Formado como arquitecto, tiene un m\u00e1ster en estudios de performance de la Universidad de Nueva York, que obtuvo gracias al programa Fulbright. Est\u00e1 interesado en la investigaci\u00f3n art\u00edstica y la pr\u00e1ctica en el campo de las artes basadas en el tiempo; La relaci\u00f3n entre la arquitectura, la coreograf\u00eda, el evento y el espectador. Desarrolla su pr\u00e1ctica art\u00edstica desde el campo de acci\u00f3n: acontecimientos, performances e instalaciones, con un enfoque experimental. En el campo del arte, su trabajo tiene el objetivo de profundizar cr\u00edticamente en el sitio y contexto espec\u00edfico, y llevarlo a un punto de incertidumbre, lanzando preguntas sobre el significado de este y otros enfoques. Su investigaci\u00f3n se ha desarrollado en contenido y forma en torno a la relaci\u00f3n entre las cosas. Ha estudiado arquitectura y performance en Madrid, S\u00e3o Paulo y Nueva York. Actualmente desarrolla su doctorado en Madrid dentro del grupo de investigaci\u00f3n Artea.<\/span><\/p>\n<p><a href=\"http:\/\/ignaciodeantonioanton.com\/\" target=\"_blank\" rel=\"noopener noreferrer\"><span style=\"font-weight: 400;\">http:\/\/ignaciodeantonioanton.com\/<\/span><\/a><\/p>\n<p>&nbsp;<\/p>\n<p><a href=\"http:\/\/jararocha.blogspot.com\/\" target=\"_blank\" rel=\"noopener noreferrer\"><span style=\"color: #0000ff;\"><b>Jara Rocha<\/b><\/span><\/a><span style=\"font-weight: 400;\">,<\/span>\u00a0investiga, media y experimenta con estudios culturales de la tecnolog\u00eda, desde una sensibilidad trans* feminista. Es una facilitadora cultural que depende de los dem\u00e1s y atiende las urgencias de material semi\u00f3tico de lo mundano. Por ejemplo, junto con Femke Snelting, actualmente se ocupan del proyecto Cuerpos Posibles (tecnolog\u00edas volum\u00e9tricas), con Nicolas Malev\u00e9, est\u00e1n investigando las promesas de algoritmos de visi\u00f3n artificial, con Xavier Gorgol y Kym Ward, estudian las operaciones somatopol\u00edticas de producci\u00f3n de voz en la serie de talleres <em>Vibes &amp; Leaks<\/em>, con Luc\u00eda Ega\u00f1a, observan los mecanismos de paso institucional, con Joana Moll, miden las fuerzas del tecnocolonialismo m\u00e1s mundano y con Laura Ben\u00edtez y Helen Pritchard, enfatizan la noci\u00f3n de reparaci\u00f3n parcial escribiendo &#8220;an\u00e1lisis queer&#8221; con respecto a las experiencias de da\u00f1o. A menudo trabajan con pol\u00edtica y est\u00e9tica integradas en infraestructura y log\u00edstica de texto; y eval\u00faa formas no formales de aprendizaje en situaciones colectivas como el Seminario Euraca, Ense\u00f1ar para Transgredir, Volver a aprender la Escuela de Verano o La Divisi\u00f3n Subterr\u00e1nea.<\/p>\n<p><a href=\"http:\/\/jararocha.blogspot.com\/\" target=\"_blank\" rel=\"noopener noreferrer\"><span style=\"font-weight: 400;\">http:\/\/jararocha.blogspot.com\/<\/span><\/a><span style=\"font-weight: 400;\"> + <\/span><a href=\"https:\/\/possiblebodies.constantvzw.org\/inventory\/\" target=\"_blank\" rel=\"noopener noreferrer\"><span style=\"font-weight: 400;\">https:\/\/possiblebodies.constantvzw.org\/inventory\/<\/span><\/a><\/p>\n<p>&nbsp;<\/p>\n<p><a href=\"https:\/\/www.instagram.com\/mohammadalfaraj\/\" target=\"_blank\" rel=\"noopener noreferrer\"><span style=\"color: #0000ff;\"><b>Mohammad Alfaraj <\/b><\/span><\/a><span style=\"font-weight: 400;\">\u00a0es un <\/span>artista y cineasta independiente, la pr\u00e1ctica de Mohammad Al Faraj refleja una relaci\u00f3n colaborativa y multifac\u00e9tica para crear y compartir contenido, movi\u00e9ndose con facilidad entre trabajos comerciales, proyectos de televisi\u00f3n en red, obras de arte para exhibici\u00f3nes y material compartido a trav\u00e9s de las redes sociales.\u00a0Cuando est\u00e1 en casa, en <em>Al Hassa<\/em>, una ciudad ubicada en la Provincia Oriental, trabaja con un grupo suelto de colaboradores, que regularmente se unen para apoyarse mutuamente en los proyectos y producir fotograf\u00edas y contenido de pel\u00edculas para reflexionar sobre los cambios en el paisaje y las formas de vida que han presenciado durante su vida. El trabajo de Al Faraj se ha mostrado en <em>Athr<\/em> Galer\u00eda, <em>Jeddah<\/em> (2018);<em> Le murate Pac<\/em>, Florencia (2019); 21,39 <em>Jeddah Arts<\/em> (2017, 2019); <em>Saudi Film Festival<\/em>, <em>Dammam<\/em> (2015) y <em>Dubai International Film Festival<\/em> (2014). Mohammed trabaj\u00f3 como programador tanto en el Festival de cine saud\u00ed como en el festival de poes\u00eda en <em>Dammam<\/em>. Fue galardonado con el primer\u00a0 puesto en la categor\u00eda de estudiantes por su documental <em>Lost in the Saudi Film Festival<\/em>, <em>Dammam<\/em> (2015).\u00a0Al Faraj nacido en 1993 en <em>Al Hassa<\/em>, Arabia Saudita y se gradu\u00f3 en la Universidad <em>King Fahd <\/em>de Petr\u00f3leo y Minerales con una licenciatura en Ingenier\u00eda Mec\u00e1nica Aplicada en 2017. Actualmente vive y trabaja en la Provincia Oriental, Arabia Saudita.<\/p>\n<p><a href=\"https:\/\/www.instagram.com\/mohammadalfaraj\/\" target=\"_blank\" rel=\"noopener noreferrer\"><span style=\"font-weight: 400;\">https:\/\/www.instagram.com\/mohammadalfaraj\/<\/span><\/a><\/p>\n<p>&nbsp;<\/p>\n<p><a href=\"http:\/\/www.vanessadonosolopez.com\" target=\"_blank\" rel=\"noopener noreferrer\"><span style=\"color: #0000ff;\"><b>Vanessa Donoso <\/b><\/span><\/a>(nacida en Barcelona) vive y trabaja entre Dubl\u00edn y Barcelona. Estudi\u00f3 en la Escuela de Artes y Dise\u00f1o de Llotja, Barcelona, \u200b\u200bla Universidad de Barcelona y el <em>Winchester College of Art<\/em>, Reino Unido.<\/p>\n<p>Ha expuesto a nivel nacional e internacional con exposiciones individuales recientemente seleccionadas. Tambi\u00e9n en 2017, Vanessa complet\u00f3 dos obras p\u00fablicas encargadas por el <em>Royal College of Surgeons of Ireland<\/em> y <em>Facebook Head Quarters<\/em>, ambas en Dubl\u00edn.<\/p>\n<p>Vanessa acaba de terminar una residencia en la residencia de artistas J<em>iwar Creation and Society<\/em> en Barcelona. Actualmente trabaja como artista invitada en un proyecto con los estudios de impresi\u00f3n <em>Black Church<\/em>, Dubl\u00edn. A finales de este a\u00f1o, Vanessa recibi\u00f3 una beca completa para una residencia de arte en Can Serrat, Barcelona. Fue galardonada con una residencia en el estudio en la <em>Royal Hibernian Academy<\/em> en 2012, un premio de residencia en el taller de escultura y una beca en los estudios de artistas de <em>Firestation<\/em> en 2014. Estudio de un a\u00f1o en la galer\u00eda y estudios\u00a0<em>Temple Bar Gallery and Studios.<\/em>\u00a02015 \/ 2018.<\/p>\n<p>Vanessa est\u00e1 representada por la Galer\u00eda Kevin Kavanagh, Dubl\u00edn.<\/p>\n<p><a href=\"http:\/\/www.vanessadonosolopez.com\" target=\"_blank\" rel=\"noopener noreferrer\"><span style=\"font-weight: 400;\">www.vanessadonosolopez.com<\/span><\/a><\/p>\n<p>&nbsp;<\/p>\n<p><a href=\"https:\/\/caracol.carbonmade.com\/\" target=\"_blank\" rel=\"noopener noreferrer\"><span style=\"color: #0000ff;\"><b>Bruno Caracol<\/b><\/span><\/a><span style=\"font-weight: 400;\"> (n.1980) e<\/span>studi\u00f3 Dise\u00f1o y Artes Visuales en la Facultad de Bellas Artes de Lisboa, donde vive, participando en el espect\u00e1culo colectivo <em>GMURDA<\/em>. En 2017 complet\u00f3 un m\u00e1ster en Ciencias de la comunicaci\u00f3n, en <em>FCSH-NOVA<\/em>, en torno a la idea de la \u201cnaturaleza salvaje\u201d como una construcci\u00f3n moderna, y particip\u00f3 en el <em>DNA Contemporary Dance Festival<\/em>, en Pamplona, \u200b\u200bEspa\u00f1a y en la Bienal de Artes de Cerveira, Portugal. En los \u00faltimos a\u00f1os ha participado en diversos actos y eventos art\u00edsticos como la &#8220;Plataforma Trafaria\u201d,colaboraci\u00f3n entre la Plataforma <em>Hallo<\/em>, desde Hamburgo, la Asociaci\u00f3n EDA, de Lisboa, en 2016 y la Trienal de Arquitectura de Lisboa, en 2014. Entre 2009 y 2011 form\u00f3 parte de Capacete, una residencia art\u00edstica en R\u00edo de janeiro. Durante este per\u00edodo, particip\u00f3 en el evento \u201cV: E: R:\u201d, en Terra Una, <em>Minas Gerais<\/em>;en el programa de exhibici\u00f3n CCSP, en S\u00e3o Paulo; y organiz\u00f3 junto con Mar\u00eda Moreira y Marcelo Wasem, un ciclo de eventos en \/ con artistas colectivos de R\u00edo de Janeiro, <em>Jogos de Escuta<\/em>.<\/p>\n<p><a href=\"https:\/\/caracol.carbonmade.com\/\" target=\"_blank\" rel=\"noopener noreferrer\"><span style=\"font-weight: 400;\">https:\/\/caracol.carbonmade.com\/<\/span><\/a><\/p>\n<p>&nbsp;<\/p>\n<p><span style=\"color: #0000ff;\"><a style=\"color: #0000ff;\" href=\"http:\/\/www.duncangibbs.co.uk\/\" target=\"_blank\" rel=\"noopener noreferrer\"><b>Duncan Gibbs <\/b><\/a><\/span>despu\u00e9s de graduarse por la\u00a0<em>Slade Schoolf of Art<\/em>, ha estado viviendo y trabajando en Londres. Tras una reciente exposici\u00f3n colaborativa con Limbo, en una espacio de arte en\u00a0<em>Peckham<\/em>, Duncan ha estado en una residencia rural en Finlandia, desarrollando trabajos\u00a0<em>site-specific<\/em>. Su foco de inter\u00e9s durante su residencia en Can Serrat, que ha seguido actualmente es el de investigar y experimentar con diferentes enfoques alrededor de la documentaci\u00f3n de obras de arte ef\u00edmeras.<\/p>\n<p><a href=\"http:\/\/www.duncangibbs.co.uk\/\" target=\"_blank\" rel=\"noopener noreferrer\"><span style=\"font-weight: 400;\">http:\/\/www.duncangibbs.co.uk\/<\/span><\/a><\/p>\n<p>&nbsp;<\/p>\n<p><b>Natalya Gimson<\/b><span style=\"font-weight: 400;\"> c<\/span>reci\u00f3 en Olympia, Washington y ahora tiene su sede en Berl\u00edn, Alemania. Se gradu\u00f3 de <em>The Evergreen State College<\/em> en 2015. Sus cuentos y poes\u00eda exploran el espacio liminal de la identidad multicultural, la sexualidad y la experiencia del cuerpo y el efecto de las palabras en la p\u00e1gina. Ella es la cofundadora del grupo Idea Salon. Su trabajo ha aparecido en <em>DADDY<\/em>,<em> INDIE<\/em> y la revista <em>SLOTH<\/em>.<\/p>\n<p>&nbsp;<\/p>\n<p><b><span style=\"color: #0000ff;\"><a style=\"color: #0000ff;\" href=\"http:\/\/floykrouchi.org\" target=\"_blank\" rel=\"noopener noreferrer\">Floy Krouchi<\/a><\/span>\u00a0<\/b>es una artista sonora y compositora de m\u00fasica electroac\u00fastica de Par\u00eds.<br \/>\nElla trabaja con el sonido, como un fen\u00f3meno, en sus m\u00faltiples dimensiones: f\u00edsica, pl\u00e1stica, instrumental, abstracta, radiof\u00f3nica. Ella usa las cualidades vibracionales e invisibles de este medio como una met\u00e1fora de los aspectos invisibles de la realidad, cuestionando las percepciones y creando interrupciones en el espacio y el tiempo. En sus piezas, el sonido y el silencio a menudo forman un dispositivo antropol\u00f3gico para recopilar, investigar y reorganizar fragmentos de realidad e identidades a trav\u00e9s de la oralidad. La escucha se considera como una pr\u00e1ctica de resistencia: la productividad impuesta del tiempo, la saturaci\u00f3n visual y el desaf\u00edo de per\u00edodos de atenci\u00f3n cortos.<\/p>\n<p>\u00daltimamente, ha estado investigando la relaci\u00f3n entre la tecnolog\u00eda, la magia y las t\u00e9cnicas de la vanguardia (como los cortes y el surrealismo).<\/p>\n<p><span style=\"font-weight: 400;\">\u00a0<\/span><a href=\"http:\/\/www.floykrouchi.org\/english\" target=\"_blank\" rel=\"noopener noreferrer\"><span style=\"font-weight: 400;\">floykrouchi.org\u00a0<\/span><\/a><\/p>\n<p>&nbsp;<\/p>\n<p><a href=\"http:\/\/www.yezicatutic.com\" target=\"_blank\" rel=\"noopener noreferrer\"><b><span style=\"color: #0000ff;\">Yezica Tutic<\/span><\/b><\/a> naci\u00f3 en 1987 en Buenos Aires, Argentina, convirti\u00e9ndola en la primera generaci\u00f3n nacida all\u00ed, de una familia de inmigrantes yugoslavos. En 2007, se matricul\u00f3 en la Universidad Nacional de Arte de Argentina en Buenos Aires, con doble especializaci\u00f3n en Pintura y en Escenograf\u00eda y vestuario. Durante su \u00faltimo a\u00f1o en UNA, comenz\u00f3 una practica de 2 a\u00f1os con Tulio De Sagastizabal, un pintor abstracto argentino de renombre internacional. Un viaje que cambi\u00f3 su vida a la ciudad de Nueva York en 2013 inspir\u00f3 su posterior mudanza all\u00ed, donde ha estado durante los \u00faltimos 4 a\u00f1os. Ha exhibido su trabajo en diferentes exposiciones de arte individuales y grupales en varias galer\u00edas, instituciones art\u00edsticas y almacenes. Tambi\u00e9n pasa innumerables horas en su estudio en <em>Bushwick<\/em> desarrollando e investigando diferentes formas de expresarse art\u00edsticamente mientras contin\u00faa educando y empujando hacia adelante para tener un impacto en la escena art\u00edstica de la ciudad de Nueva York.<\/p>\n<p><span style=\"font-weight: 400;\">\u00a0<\/span><span style=\"font-weight: 400;\">\u00a0<\/span><a href=\"http:\/\/www.yezicatutic.com\/\" target=\"_blank\" rel=\"noopener noreferrer\"><span style=\"font-weight: 400;\">http:\/\/www.yezicatutic.com<\/span><\/a><span style=\"font-weight: 400;\">\u00a0<\/span><span style=\"font-weight: 400;\">\u2013<\/span><span style=\"font-weight: 400;\">\u00a0<\/span><a href=\"https:\/\/vimeo.com\/user14757631\" target=\"_blank\" rel=\"noopener noreferrer\"><span style=\"font-weight: 400;\">https:\/\/vimeo.com\/user14757631\u00a0<\/span><\/a><span style=\"font-weight: 400;\">\u00a0<\/span><\/p>\n<p>&nbsp;<\/p>\n<p><span style=\"color: #0000ff;\"><a style=\"color: #0000ff;\" href=\"https:\/\/www.mariannevieules.space\/\" target=\"_blank\" rel=\"noopener noreferrer\"><b>Marianne Vieul\u00e8s <\/b><\/a><\/span>es una artista visual y escritora actualmente basada en la Tierra.<\/p>\n<p>Sus \u00faltimos trabajos son poes\u00eda escrita por y para m\u00e1quinas salvajes.<br \/>\nEste a\u00f1o trabaj\u00f3 en la rehabilitaci\u00f3n de mujeres que han participado en la historia de la inform\u00e1tica.<br \/>\nEn 2016, comienza, en una historia con iron\u00eda c\u00f3smica, su entrenamiento para una conquista espacial imposible.<br \/>\nHasta el d\u00eda de hoy, ella todav\u00eda trabaja en la Tierra.<\/p>\n<p><a href=\"https:\/\/www.mariannevieules.space\/\" target=\"_blank\" rel=\"noopener noreferrer\"><span style=\"font-weight: 400;\">https:\/\/www.mariannevieules.space\/<\/span><\/a><\/p>\n<p>&nbsp;","protected":false},"excerpt":{"rendered":"<p>&nbsp; TEMPTATIVA COLECTIVA\/\/ COLLECTIVE ATTEMPT\u00a0 &nbsp; &nbsp; Can Serrat invit\u00f3 a Xavi Acar\u00edn a seguir la residencia durante 2019 y organizar un evento en relaci\u00f3n con el trabajo de los residentes seleccionados. Collective Attempt es el nombre del proyecto que &hellip; <a href=\"https:\/\/canserrat.org\/es\/parasitio\/2019-2020-ongoing-con-xavi-acarin-parasitio3\">Continuar<\/a><\/p>\n","protected":false},"author":3,"featured_media":4926,"parent":2878,"menu_order":0,"comment_status":"closed","ping_status":"closed","template":"","meta":{"_monsterinsights_skip_tracking":false,"_monsterinsights_sitenote_active":false,"_monsterinsights_sitenote_note":"","_monsterinsights_sitenote_category":0,"footnotes":""},"_links":{"self":[{"href":"https:\/\/canserrat.org\/es\/wp-json\/wp\/v2\/pages\/4748"}],"collection":[{"href":"https:\/\/canserrat.org\/es\/wp-json\/wp\/v2\/pages"}],"about":[{"href":"https:\/\/canserrat.org\/es\/wp-json\/wp\/v2\/types\/page"}],"author":[{"embeddable":true,"href":"https:\/\/canserrat.org\/es\/wp-json\/wp\/v2\/users\/3"}],"replies":[{"embeddable":true,"href":"https:\/\/canserrat.org\/es\/wp-json\/wp\/v2\/comments?post=4748"}],"version-history":[{"count":61,"href":"https:\/\/canserrat.org\/es\/wp-json\/wp\/v2\/pages\/4748\/revisions"}],"predecessor-version":[{"id":7518,"href":"https:\/\/canserrat.org\/es\/wp-json\/wp\/v2\/pages\/4748\/revisions\/7518"}],"up":[{"embeddable":true,"href":"https:\/\/canserrat.org\/es\/wp-json\/wp\/v2\/pages\/2878"}],"wp:featuredmedia":[{"embeddable":true,"href":"https:\/\/canserrat.org\/es\/wp-json\/wp\/v2\/media\/4926"}],"wp:attachment":[{"href":"https:\/\/canserrat.org\/es\/wp-json\/wp\/v2\/media?parent=4748"}],"curies":[{"name":"wp","href":"https:\/\/api.w.org\/{rel}","templated":true}]}}