{"id":4226,"date":"2019-11-01T18:47:15","date_gmt":"2019-11-01T18:47:15","guid":{"rendered":"http:\/\/canserrat.org\/?page_id=4226"},"modified":"2023-02-21T14:04:58","modified_gmt":"2023-02-21T14:04:58","slug":"brucstock-festival","status":"publish","type":"page","link":"https:\/\/canserrat.org\/es\/transversal-projects\/brucstock-festival","title":{"rendered":"festival BRUCSTOCK"},"content":{"rendered":"<h2 style=\"text-align: center;\"><span style=\"color: #0000ff;\"><a style=\"color: #0000ff;\" href=\"http:\/\/www.brucstock.art\">www.brucstock.art<\/a><\/span><\/h2>\n<p>&nbsp;<\/p>\n<p class=\"HTMLconformatoprevio\"><span lang=\"ES\">BRUCSTOCK Art &amp; Music Festival es un festival de arte y m\u00fasica experimental que explora el formato en directo y tiene como objetivo crear una plataforma para artistas locales e internacionales. Brucstock est\u00e1 ubicado en una reserva natural del pueblo de El Bruc, a los pies de la sagrada monta\u00f1a de Montserrat, en las afueras de Barcelona. El festival tiene lugar en el campo de los alrededores del Centro de Arte Internacional, Can Serrat.<\/span><\/p>\n<p class=\"HTMLconformatoprevio\"><span lang=\"ES\">BRUCSTOCK es una organizaci\u00f3n sin \u00e1nimo de lucro y se estableci\u00f3 en 2012, iniciada y organizada por los artistas noruegos Vilde von Krogh y Annette Stavi Johannsen.<\/span><\/p>\n<p class=\"HTMLconformatoprevio\"><span lang=\"ES\">El festival en su totalidad se organiza al paisaje de los alrededores de Can Serrat. El programa act\u00faa como una composici\u00f3n org\u00e1nica entre el entorno natural y las contribuciones, conciertos, performances, pel\u00edculas y talleres de los artistas. Un jard\u00edn vibrante que inspira di\u00e1logos flotantes entre artistas y visitantes.<\/span><\/p>\n<p class=\"HTMLconformatoprevio\"><span lang=\"ES\">En este bello entorno queremos reactivar el potencial acad\u00e9mico que emana del antiguo acad\u00e9mico-jard\u00edn griego. En este jard\u00edn, las discusiones filos\u00f3ficas quedaron sin restricciones y tuvieron un enfoque m\u00e1s conversacional que el modelo de ense\u00f1anza acad\u00e9mico moderno basado en el mon\u00f3logo del auditorio. Adem\u00e1s, el simposio era central como lugar de discurso donde los alimentos y bebidas eran elementales en el intercambio de opiniones. A Brucstock queremos que la conversaci\u00f3n tenga lugar entre todo tipo de personas, inspiradas en el contenido del festival.<\/span><\/p>\n<p class=\"HTMLconformatoprevio\"><span lang=\"ES\">El nombre \u201cBrucstock\u201d tiene su origen en el nombre del pueblo espec\u00edfico del lugar, El Bruc, y tambi\u00e9n se refiere a trav\u00e9s de su t\u00edtulo en el pasado pr\u00f3ximo y se centra en el estado de \u00e1nimo que exist\u00eda en los a\u00f1os 60 -70; un periodo en el que la m\u00fasica y el arte se encontraban en una fase de fusi\u00f3n en expansi\u00f3n a trav\u00e9s de indicaciones como el movimiento hippie, Fluxus o Neo Dada, por citar algunos.<\/span><\/p>\n<p class=\"HTMLconformatoprevio\"><span lang=\"ES\">Tambi\u00e9n se\u00f1alamos los grandes cambios sociales en el periodo, especialmente en t\u00e9rminos de derechos civiles en Estados Unidos, el Movimiento Gay y la segunda mayor ola feminista en Europa y Am\u00e9rica. Brucstock tambi\u00e9n ser\u00e1 una plataforma para discusiones en un momento contempor\u00e1neo donde temas como actitudes racistas, anti-feministas y hom\u00f3fobas se est\u00e1n expandiendo r\u00e1pidamente en el mundo.<\/span><\/p>\n<p class=\"HTMLconformatoprevio\"><span lang=\"ES\">Can Serrat alberga los artistas, y parte de las zonas exteriores se utilizan para acampar gratuitamente para los visitantes.<\/span><\/p>\n<p class=\"HTMLconformatoprevio\"><span lang=\"ES\">Esto crea una situaci\u00f3n social y de intercambio \u00edntima entre artistas y visitantes; todos ellos participantes en una escultura social en curso con erupciones art\u00edsticas. BRUCSTOCK Art &amp; Music Festival<\/span><\/p>\n<p>&nbsp;<\/p>\n<p><a href=\"http:\/\/canserrat.org\/wp-content\/uploads\/2019\/11\/20112228_1493897697.2038_funddescription.jpg\"><img decoding=\"async\" loading=\"lazy\" class=\"alignnone wp-image-4228 size-full\" src=\"http:\/\/canserrat.org\/wp-content\/uploads\/2019\/11\/20112228_1493897697.2038_funddescription.jpg\" alt=\"\" width=\"1000\" height=\"666\" srcset=\"https:\/\/canserrat.org\/wp-content\/uploads\/2019\/11\/20112228_1493897697.2038_funddescription.jpg 1000w, https:\/\/canserrat.org\/wp-content\/uploads\/2019\/11\/20112228_1493897697.2038_funddescription-300x200.jpg 300w\" sizes=\"(max-width: 1000px) 100vw, 1000px\" \/><\/a>","protected":false},"excerpt":{"rendered":"<p>www.brucstock.art &nbsp; BRUCSTOCK Art &amp; Music Festival es un festival de arte y m\u00fasica experimental que explora el formato en directo y tiene como objetivo crear una plataforma para artistas locales e internacionales. Brucstock est\u00e1 ubicado en una reserva natural &hellip; <a href=\"https:\/\/canserrat.org\/es\/transversal-projects\/brucstock-festival\">Continuar<\/a><\/p>\n","protected":false},"author":3,"featured_media":4227,"parent":4097,"menu_order":0,"comment_status":"closed","ping_status":"closed","template":"","meta":{"_monsterinsights_skip_tracking":false,"_monsterinsights_sitenote_active":false,"_monsterinsights_sitenote_note":"","_monsterinsights_sitenote_category":0,"footnotes":""},"_links":{"self":[{"href":"https:\/\/canserrat.org\/es\/wp-json\/wp\/v2\/pages\/4226"}],"collection":[{"href":"https:\/\/canserrat.org\/es\/wp-json\/wp\/v2\/pages"}],"about":[{"href":"https:\/\/canserrat.org\/es\/wp-json\/wp\/v2\/types\/page"}],"author":[{"embeddable":true,"href":"https:\/\/canserrat.org\/es\/wp-json\/wp\/v2\/users\/3"}],"replies":[{"embeddable":true,"href":"https:\/\/canserrat.org\/es\/wp-json\/wp\/v2\/comments?post=4226"}],"version-history":[{"count":2,"href":"https:\/\/canserrat.org\/es\/wp-json\/wp\/v2\/pages\/4226\/revisions"}],"predecessor-version":[{"id":7506,"href":"https:\/\/canserrat.org\/es\/wp-json\/wp\/v2\/pages\/4226\/revisions\/7506"}],"up":[{"embeddable":true,"href":"https:\/\/canserrat.org\/es\/wp-json\/wp\/v2\/pages\/4097"}],"wp:featuredmedia":[{"embeddable":true,"href":"https:\/\/canserrat.org\/es\/wp-json\/wp\/v2\/media\/4227"}],"wp:attachment":[{"href":"https:\/\/canserrat.org\/es\/wp-json\/wp\/v2\/media?parent=4226"}],"curies":[{"name":"wp","href":"https:\/\/api.w.org\/{rel}","templated":true}]}}