{"id":5379,"date":"2020-06-18T15:24:00","date_gmt":"2020-06-18T15:24:00","guid":{"rendered":"http:\/\/canserrat.org\/?page_id=5379"},"modified":"2020-06-25T16:07:15","modified_gmt":"2020-06-25T16:07:15","slug":"remota-open-calls","status":"publish","type":"page","link":"https:\/\/canserrat.org\/ca\/remota\/residiradistancia\/remota-open-calls","title":{"rendered":"REMOTA Convocatories"},"content":{"rendered":"<p style=\"text-align: center;\"><img decoding=\"async\" loading=\"lazy\" class=\"alignnone wp-image-5419\" src=\"http:\/\/canserrat.org\/wp-content\/uploads\/2020\/06\/Insta-remota-1-226x300.jpeg\" alt=\"\" width=\"432\" height=\"573\" srcset=\"https:\/\/canserrat.org\/wp-content\/uploads\/2020\/06\/Insta-remota-1-226x300.jpeg 226w, https:\/\/canserrat.org\/wp-content\/uploads\/2020\/06\/Insta-remota-1-771x1024.jpeg 771w, https:\/\/canserrat.org\/wp-content\/uploads\/2020\/06\/Insta-remota-1.jpeg 1205w\" sizes=\"(max-width: 432px) 100vw, 432px\" \/><\/p>\n<p>&nbsp;<\/p>\n<p style=\"text-align: center;\"><b>CONVOCAT\u00d2RIA OBERTA\u00a0<\/b><\/p>\n<p style=\"text-align: center;\"><b>REMOTA residir a dist\u00e0ncia<\/b><\/p>\n<p>&nbsp;<\/p>\n<p><span style=\"font-weight: 400;\">Data d&#8217;obertura:\u00a0 \u00a0 \u00a0 \u00a0 \u00a0 \u00a0 \u00a0 \u00a0 \u00a0 \u00a0 \u00a0 \u00a0 \u00a0dissabte<\/span><span style=\"font-weight: 400;\"> 20 de juny<\/span><\/p>\n<p><span style=\"font-weight: 400;\">Data de tancament: <\/span><span style=\"font-weight: 400;\">\u00a0 \u00a0 \u00a0 \u00a0 \u00a0 \u00a0 \u00a0 \u00a0 \u00a0 \u00a0dilluns 20 de juliol<\/span><\/p>\n<p><span style=\"font-weight: 400;\">\u00a0 \u00a0 \u00a0 \u00a0 \u00a0 \u00a0 \u00a0 \u00a0 \u00a0 \u00a0 \u00a0 \u00a0 \u00a0 \u00a0 \u00a0 \u00a0 \u00a0 \u00a0 \u00a0 \u00a0 \u00a0 \u00a0 \u00a0 \u00a0 \u00a0 \u00a0 \u00a0 \u00a0 \u00a0 \u00a0 5:00 pm COL<\/span><\/p>\n<p><span style=\"font-weight: 400;\">\u00a0 \u00a0 \u00a0 \u00a0 \u00a0 \u00a0 \u00a0 \u00a0 \u00a0 \u00a0 \u00a0 \u00a0 \u00a0 \u00a0 \u00a0 \u00a0 \u00a0 \u00a0 \u00a0 \u00a0 \u00a0 \u00a0 \u00a0 \u00a0 \u00a0 \u00a0 \u00a0 \u00a0 \u00a0 \u00a0 0:00 hores ESP<\/span><\/p>\n<p><span style=\"font-weight: 400;\">publicaci\u00f3 de resultats:\u00a0 \u00a0 \u00a0 \u00a0 \u00a0 \u00a0 \u00a0 \u00a0 \u00a0dimecres<\/span><span style=\"font-weight: 400;\"> 29 de juliol*<\/span><\/p>\n<p><span style=\"font-weight: 400;\">data de resid\u00e8ncia:\u00a0 \u00a0 \u00a0 \u00a0 \u00a0 \u00a0 \u00a0 \u00a0 \u00a0 \u00a0 \u00a0 <\/span><span style=\"font-weight: 400;\">grup en espanyol: agost 31 al 30 de setembre (6 residents)\u00a0 \u00a0 \u00a0 \u00a0 \u00a0 \u00a0 \u00a0 \u00a0 \u00a0 \u00a0 \u00a0 \u00a0 \u00a0 \u00a0 \u00a0 \u00a0 \u00a0 \u00a0 \u00a0 \u00a0 \u00a0 \u00a0 \u00a0 \u00a0 \u00a0 \u00a0 \u00a0 \u00a0 \u00a0 \u00a0 \u00a0 \u00a0 \u00a0 \u00a0 \u00a0 \u00a0 \u00a0 \u00a0 \u00a0 \u00a0 \u00a0 \u00a0 \u00a0 \u00a0 \u00a0 \u00a0 \u00a0 \u00a0 \u00a0 \u00a0 \u00a0 \u00a0 \u00a0 \u00a0 \u00a0 \u00a0 \u00a0 \u00a0 \u00a0 \u00a0 \u00a0 \u00a0 \u00a0 <\/span><span style=\"font-weight: 400;\">grup en angles: octubre 2 al 30 (6 residents)<\/span><\/p>\n<p><span style=\"font-weight: 400;\">\u00a0 \u00a0 \u00a0 \u00a0 \u00a0 \u00a0 \u00a0 \u00a0 \u00a0 \u00a0 \u00a0 \u00a0 \u00a0 \u00a0 \u00a0 \u00a0 \u00a0 \u00a0 \u00a0 \u00a0 \u00a0 \u00a0 \u00a0 \u00a0 \u00a0 \u00a0 \u00a0 \u00a0una beca completa en angles o espanyol<\/span><\/p>\n<p>&nbsp;<\/p>\n<p><span style=\"font-weight: 400;\">*subjecta a canvis\u00a0<\/span><\/p>\n<p>&nbsp;<\/p>\n<p><b>\u00bfqu\u00e9 s&#8217;ofereix ?<\/b><\/p>\n<p><em>Remota residir a dist\u00e0ncia<\/em> \u00e9s una resid\u00e8ncia en l\u00ednia. Aquest nou espai virtual possibilita transcendir fronteres i posar en contacte a una diversitat de creadors que, en enriquir el proc\u00e9s de l&#8217;altre des de diferents postures, enforteixen i s&#8217;expandeixen les xarxes culturals. Els grups, igual que en les resid\u00e8ncies f\u00edsiques, solen ser diversos i incloents (diversitat de pr\u00e0ctiques art\u00edstiques, llocs de proced\u00e8ncia, edats, g\u00e8neres).<\/p>\n<p>La resid\u00e8ncia durar\u00e0 un mes, en el qual els residents compartiran el seu treball, els seus projectes i processos de creaci\u00f3 (i el context f\u00edsic de vida) en sessions virtuals, i avan\u00e7aran de manera individual en els seus projectes, amb l&#8217;acompanyament de l&#8217;equip de REMOTA residir a dist\u00e0ncia. Hi haur\u00e0 canals oberts de comunicaci\u00f3 permanent entre participants.<\/p>\n<p>&nbsp;<\/p>\n<p><strong>Activitats:<\/strong><\/p>\n<p>&nbsp;<\/p>\n<ol>\n<li>Sessi\u00f3 individual: Preparaci\u00f3 de la presentaci\u00f3. L&#8217;equip de REMOTA i el resident discutiran la presentaci\u00f3 a realitzar davant els altres residents amb base a la proposta del participant i d&#8217;acord amb les seves necessitats i interessos.<\/li>\n<li>Sessions grupals: Presentaci\u00f3 del projecte al grup. Tant els residents com l&#8217;equip de REMOTA participaran activament en la presentaci\u00f3 fent preguntes, oferint refer\u00e8ncies o discutint sobre algun dels temes plantejats.<\/li>\n<li>Sessi\u00f3 individual: Es dur\u00e0 a terme una reuni\u00f3 per discutir aproximacions, aven\u00e7os, dificultats, necessitats, etc\u00e8tera amb cada resident.<\/li>\n<li>Sessi\u00f3 grupal: es dur\u00e0 a terme un debat relacionat amb els temes de les presentacions.<\/li>\n<li>Sessions grupals. Cada resident ha de presentar els avan\u00e7os del proc\u00e9s.<\/li>\n<\/ol>\n<p>&nbsp;<\/p>\n<p><b>Setembre:<\/b><\/p>\n<p>&nbsp;<\/p>\n<table>\n<tbody>\n<tr>\n<td>\n<p style=\"text-align: center;\"><b>sem<\/b><\/p>\n<\/td>\n<td style=\"text-align: center;\"><b>dilluns\u00a0<\/b><\/td>\n<td style=\"text-align: center;\"><b>dimarts<\/b><\/td>\n<td style=\"text-align: center;\"><b>dimecres<\/b><\/td>\n<td style=\"text-align: center;\"><b>dijous<\/b><\/td>\n<td>\n<p style=\"text-align: center;\"><b>divendres<\/b><\/p>\n<\/td>\n<\/tr>\n<tr>\n<td rowspan=\"3\"><b>1<\/b><\/td>\n<td>\n<p style=\"text-align: center;\"><b>agost<\/b><b>\u00a031<\/b><\/p>\n<\/td>\n<td style=\"text-align: center;\"><b>setembre<\/b><b> 1<\/b><\/td>\n<td style=\"text-align: center;\"><b>2<\/b><\/td>\n<td style=\"text-align: center;\"><b>3<\/b><\/td>\n<td>\n<p style=\"text-align: center;\"><b>4<\/b><\/p>\n<\/td>\n<\/tr>\n<tr>\n<td>\n<p style=\"text-align: center;\"><span style=\"font-weight: 400;\">9 am -1:15 pm COL<\/span><\/p>\n<p style=\"text-align: center;\"><span style=\"font-weight: 400;\">4 pm &#8211; 8:15 pm ESP<\/span><\/p>\n<\/td>\n<td style=\"text-align: center;\"><\/td>\n<td style=\"text-align: center;\"><span style=\"font-weight: 400;\">9 am -1:15 pm COL<\/span><\/p>\n<p><span style=\"font-weight: 400;\">4 pm &#8211; 8:15 pm ESP<\/span><\/td>\n<td style=\"text-align: center;\"><\/td>\n<td>\n<p style=\"text-align: center;\"><span style=\"font-weight: 400;\">9 am -1:15 pm COL<\/span><\/p>\n<p style=\"text-align: center;\"><span style=\"font-weight: 400;\">4 pm &#8211; 8:15 pm ESP<\/span><\/p>\n<\/td>\n<\/tr>\n<tr>\n<td>\n<p style=\"text-align: center;\"><span style=\"font-weight: 400;\"><strong>sessions individuals<\/strong>\u00a0<\/span><\/p>\n<p style=\"text-align: center;\"><span style=\"font-weight: 400;\">[2 hores per definir amb cada resident durant aquesta setmana]<\/span><\/p>\n<p style=\"text-align: center;\"><span style=\"font-weight: 400; color: #008080;\">2 persones<\/span><\/p>\n<\/td>\n<td style=\"text-align: center;\"><\/td>\n<td style=\"text-align: center;\">\n<p style=\"text-align: center;\"><span style=\"font-weight: 400;\"><strong>sessions individuals<\/strong>\u00a0<\/span><\/p>\n<p style=\"text-align: center;\"><span style=\"font-weight: 400;\">[2 hores per definir amb cada resident durant aquesta setmana]<\/span><\/p>\n<p style=\"text-align: center;\"><span style=\"font-weight: 400; color: #008080;\">2 persones<\/span><\/p>\n<\/td>\n<td style=\"text-align: center;\"><\/td>\n<td>\n<p style=\"text-align: center;\"><span style=\"font-weight: 400;\"><strong>sessions individuals<\/strong>\u00a0<\/span><\/p>\n<p style=\"text-align: center;\"><span style=\"font-weight: 400;\">[2 hores per definir amb cada resident durant aquesta setmana]<\/span><\/p>\n<p style=\"text-align: center;\"><span style=\"font-weight: 400; color: #008080;\">2 persones<\/span><\/p>\n<\/td>\n<\/tr>\n<tr>\n<td rowspan=\"3\"><b>2<\/b><\/td>\n<td>\n<p style=\"text-align: center;\"><b>7<\/b><\/p>\n<\/td>\n<td style=\"text-align: center;\"><b>8<\/b><\/td>\n<td style=\"text-align: center;\"><b>9<\/b><\/td>\n<td style=\"text-align: center;\"><b>10<\/b><\/td>\n<td>\n<p style=\"text-align: center;\"><b>11<\/b><\/p>\n<\/td>\n<\/tr>\n<tr>\n<td>\n<p style=\"text-align: center;\"><span style=\"font-weight: 400;\">9 am &#8211; 12 pm COL<\/span><\/p>\n<p style=\"text-align: center;\"><span style=\"font-weight: 400;\">4 pm &#8211; 7 pm ESP<\/span><\/p>\n<\/td>\n<td style=\"text-align: center;\"><\/td>\n<td style=\"text-align: center;\"><span style=\"font-weight: 400;\">9 am &#8211; 12 pm COL<\/span><\/p>\n<p><span style=\"font-weight: 400;\">4 pm &#8211; 7 pm ESP<\/span><\/td>\n<td style=\"text-align: center;\"><\/td>\n<td>\n<p style=\"text-align: center;\"><span style=\"font-weight: 400;\">9 am &#8211; 12 pm COL<\/span><\/p>\n<p style=\"text-align: center;\"><span style=\"font-weight: 400;\">4 pm &#8211; 7 pm ESP<\/span><\/p>\n<\/td>\n<\/tr>\n<tr>\n<td>\n<p style=\"text-align: center;\"><span style=\"font-weight: 400;\"><strong>sessi\u00f3 grupal<\/strong> <\/span><span style=\"font-weight: 400;\">[presentaci\u00f3 de projectes]<\/span><\/p>\n<p style=\"text-align: center;\"><span style=\"font-weight: 400; color: #008080;\">presenten 2 persones<\/span><\/p>\n<p style=\"text-align: center;\"><span style=\"font-weight: 400; color: #800080;\">grupal<\/span><\/p>\n<\/td>\n<td style=\"text-align: center;\"><\/td>\n<td style=\"text-align: center;\">\n<p style=\"text-align: center;\"><span style=\"font-weight: 400;\"><strong>sessi\u00f3 grupal<\/strong> <\/span><span style=\"font-weight: 400;\">[presentaci\u00f3 de projectes]<\/span><\/p>\n<p style=\"text-align: center;\"><span style=\"font-weight: 400; color: #008080;\">presenten 2 persones<\/span><\/p>\n<p style=\"text-align: center;\"><span style=\"font-weight: 400; color: #800080;\">grupal<\/span><\/p>\n<\/td>\n<td style=\"text-align: center;\"><\/td>\n<td>\n<p style=\"text-align: center;\"><span style=\"font-weight: 400;\"><strong>sessi\u00f3 grupal<\/strong> <\/span><span style=\"font-weight: 400;\">[presentaci\u00f3 de projectes]<\/span><\/p>\n<p style=\"text-align: center;\"><span style=\"font-weight: 400; color: #008080;\">presenten 2 persones<\/span><\/p>\n<p style=\"text-align: center;\"><span style=\"font-weight: 400; color: #800080;\">grupal<\/span><\/p>\n<\/td>\n<\/tr>\n<tr>\n<td rowspan=\"3\"><b>3<\/b><\/td>\n<td>\n<p style=\"text-align: center;\"><b>14<\/b><\/p>\n<\/td>\n<td style=\"text-align: center;\"><b>15<\/b><\/td>\n<td style=\"text-align: center;\"><b>16<\/b><\/td>\n<td style=\"text-align: center;\"><b>17<\/b><\/td>\n<td>\n<p style=\"text-align: center;\"><b>18<\/b><\/p>\n<\/td>\n<\/tr>\n<tr>\n<td>\n<p style=\"text-align: center;\"><span style=\"font-weight: 400;\">9 am -1:15 pm COL<\/span><\/p>\n<p style=\"text-align: center;\"><span style=\"font-weight: 400;\">4 pm &#8211; 8:15 pm ESP<\/span><\/p>\n<\/td>\n<td style=\"text-align: center;\"><\/td>\n<td style=\"text-align: center;\"><span style=\"font-weight: 400;\">9 am -1:15 pm COL<\/span><\/p>\n<p><span style=\"font-weight: 400;\">4 pm &#8211; 8:15 pm ESP<\/span><\/td>\n<td style=\"text-align: center;\"><\/td>\n<td>\n<p style=\"text-align: center;\"><span style=\"font-weight: 400;\">9 am -1:15 pm COL<\/span><\/p>\n<p style=\"text-align: center;\"><span style=\"font-weight: 400;\">4 pm &#8211; 8:15 pm ESP<\/span><\/p>\n<\/td>\n<\/tr>\n<tr>\n<td>\n<p style=\"text-align: center;\"><span style=\"font-weight: 400;\"><strong>sessions individuals<\/strong>\u00a0<\/span><\/p>\n<p style=\"text-align: center;\"><span style=\"font-weight: 400;\">[2 hores per definir amb cada resident durant aquesta setmana]<\/span><\/p>\n<p style=\"text-align: center;\"><span style=\"font-weight: 400; color: #008080;\">2 persones<\/span><\/p>\n<\/td>\n<td style=\"text-align: center;\"><\/td>\n<td style=\"text-align: center;\">\n<p style=\"text-align: center;\"><span style=\"font-weight: 400;\"><strong>sessions individuals<\/strong>\u00a0<\/span><\/p>\n<p style=\"text-align: center;\"><span style=\"font-weight: 400;\">[2 hores per definir amb cada resident durant aquesta setmana]<\/span><\/p>\n<p style=\"text-align: center;\"><span style=\"font-weight: 400; color: #008080;\">2 persones<\/span><\/p>\n<\/td>\n<td style=\"text-align: center;\"><\/td>\n<td>\n<p style=\"text-align: center;\"><span style=\"font-weight: 400;\"><strong>sessions individuals<\/strong>\u00a0<\/span><\/p>\n<p style=\"text-align: center;\"><span style=\"font-weight: 400;\">[2 hores per definir amb cada resident durant aquesta setmana]<\/span><\/p>\n<p style=\"text-align: center;\"><span style=\"font-weight: 400; color: #008080;\">2 persones<\/span><\/p>\n<\/td>\n<\/tr>\n<tr>\n<td rowspan=\"3\"><b>4<\/b><\/td>\n<td>\n<p style=\"text-align: center;\"><b>21<\/b><\/p>\n<\/td>\n<td style=\"text-align: center;\"><b>22<\/b><\/td>\n<td style=\"text-align: center;\"><b>23<\/b><\/td>\n<td style=\"text-align: center;\"><b>24<\/b><\/td>\n<td>\n<p style=\"text-align: center;\"><b>25<\/b><\/p>\n<\/td>\n<\/tr>\n<tr>\n<td><\/td>\n<td><\/td>\n<td>\n<p style=\"text-align: center;\"><span style=\"font-weight: 400;\">9 am &#8211; 12 pm COL<\/span><\/p>\n<p style=\"text-align: center;\"><span style=\"font-weight: 400;\">4 pm &#8211; 7 pm ESP<\/span><\/p>\n<\/td>\n<td><\/td>\n<td><\/td>\n<\/tr>\n<tr>\n<td><\/td>\n<td><\/td>\n<td style=\"text-align: center;\"><span style=\"color: #800080;\"><strong>debat grupal<\/strong><\/span><\/td>\n<td><\/td>\n<td><\/td>\n<\/tr>\n<tr>\n<td rowspan=\"3\"><b>5<\/b><\/td>\n<td>\n<p style=\"text-align: center;\"><b>28<\/b><\/p>\n<\/td>\n<td style=\"text-align: center;\"><b>29<\/b><\/td>\n<td style=\"text-align: center;\"><b>30<\/b><\/td>\n<td style=\"text-align: center;\"><b>octubre 1<\/b><\/td>\n<td>\n<p style=\"text-align: center;\"><b>octubre 2<\/b><\/p>\n<\/td>\n<\/tr>\n<tr>\n<td>\n<p style=\"text-align: center;\"><span style=\"font-weight: 400;\">9 am &#8211; 12 pm COL<\/span><\/p>\n<p style=\"text-align: center;\"><span style=\"font-weight: 400;\">4 pm &#8211; 7 pm ESP<\/span><\/p>\n<\/td>\n<td style=\"text-align: center;\"><span style=\"font-weight: 400;\">9 am &#8211; 12 pm COL<\/span><\/p>\n<p><span style=\"font-weight: 400;\">4 pm &#8211; 7 pm ESP<\/span><\/td>\n<td>\n<p style=\"text-align: center;\"><span style=\"font-weight: 400;\">9 am -12 pm COL<\/span><\/p>\n<p style=\"text-align: center;\"><span style=\"font-weight: 400;\">4 pm &#8211; 7 pm ESP<\/span><\/p>\n<\/td>\n<td><\/td>\n<td><\/td>\n<\/tr>\n<tr>\n<td>\n<p style=\"text-align: center;\"><span style=\"font-weight: 400;\"><strong>sessi\u00f3 grupal<\/strong>* <\/span><span style=\"font-weight: 400; color: #008080;\">presenten 2 persones<\/span><\/p>\n<p style=\"text-align: center;\"><span style=\"font-weight: 400; color: #800080;\">grupal<\/span><\/p>\n<\/td>\n<td style=\"text-align: center;\">\n<p style=\"text-align: center;\"><span style=\"font-weight: 400;\"><strong>sessi\u00f3 grupal<\/strong>* <\/span><span style=\"font-weight: 400; color: #008080;\">presenten 2 persones<\/span><\/p>\n<p style=\"text-align: center;\"><span style=\"font-weight: 400; color: #800080;\">grupal<\/span><\/p>\n<\/td>\n<td>\n<p style=\"text-align: center;\"><span style=\"font-weight: 400;\"><strong>sessi\u00f3 grupal<\/strong>* <\/span><span style=\"font-weight: 400; color: #008080;\">presenten 2 persones<\/span><\/p>\n<p style=\"text-align: center;\"><span style=\"font-weight: 400; color: #800080;\">grupal<\/span><\/p>\n<\/td>\n<td><\/td>\n<td><\/td>\n<\/tr>\n<\/tbody>\n<\/table>\n<p><span style=\"font-weight: 400;\">*Les presentacions finals podrien ser p\u00fabliques (trasmisi\u00f3 en xarxes socials)<\/span><\/p>\n<p>&nbsp;<\/p>\n<p><b>Octubre<\/b><\/p>\n<p>&nbsp;<\/p>\n<table>\n<tbody>\n<tr>\n<td>\n<p style=\"text-align: center;\"><b>sem<\/b><\/p>\n<\/td>\n<td style=\"text-align: center;\"><b>dilluns<\/b><\/td>\n<td style=\"text-align: center;\"><b>dimarts<\/b><\/td>\n<td style=\"text-align: center;\"><b>dimecres<\/b><\/td>\n<td style=\"text-align: center;\"><b>dijous<\/b><\/td>\n<td>\n<p style=\"text-align: center;\"><b>divendres<\/b><\/p>\n<\/td>\n<\/tr>\n<tr>\n<td rowspan=\"3\"><b>1<\/b><\/td>\n<td><\/td>\n<td><\/td>\n<td><\/td>\n<td><\/td>\n<td><b>2<\/b><\/td>\n<\/tr>\n<tr>\n<td><\/td>\n<td><\/td>\n<td><\/td>\n<td><\/td>\n<td><span style=\"font-weight: 400;\">9 am 1:15 pm COL<\/span><\/p>\n<p><span style=\"font-weight: 400;\">4 pm -8:15 pm ESP<\/span><\/td>\n<\/tr>\n<tr>\n<td><\/td>\n<td><\/td>\n<td><\/td>\n<td><\/td>\n<td style=\"text-align: center;\">\n<p style=\"text-align: center;\"><span style=\"font-weight: 400;\"><strong>sessions individuals<\/strong>\u00a0<\/span><\/p>\n<p style=\"text-align: center;\"><span style=\"font-weight: 400;\">[2 hores per definir amb cada resident durant aquesta setmana]<\/span><\/p>\n<p style=\"text-align: center;\"><span style=\"font-weight: 400; color: #008080;\">2 persones<\/span><\/p>\n<\/td>\n<\/tr>\n<tr>\n<td style=\"text-align: center;\" rowspan=\"3\">\n<p style=\"text-align: left;\"><b>2<\/b><\/p>\n<\/td>\n<td style=\"text-align: center;\"><b>5<\/b><\/td>\n<td style=\"text-align: center;\"><b>6<\/b><\/td>\n<td style=\"text-align: center;\"><b>7<\/b><\/td>\n<td style=\"text-align: center;\"><b>8<\/b><\/td>\n<td>\n<p style=\"text-align: center;\"><b>9<\/b><\/p>\n<\/td>\n<\/tr>\n<tr>\n<td>\n<p style=\"text-align: center;\"><span style=\"font-weight: 400;\">9 am -1:15 pm COL<\/span><\/p>\n<p style=\"text-align: center;\"><span style=\"font-weight: 400;\">4 pm &#8211; 8:15 pm ESP<\/span><\/p>\n<\/td>\n<td style=\"text-align: center;\"><span style=\"font-weight: 400;\">9 am -1:15 pm COL<\/span><\/p>\n<p><span style=\"font-weight: 400;\">4 pm &#8211; 8:15 pm ESP<\/span><\/td>\n<td style=\"text-align: center;\"><\/td>\n<td style=\"text-align: center;\"><span style=\"font-weight: 400;\">9 am &#8211; 12 pm COL<\/span><\/p>\n<p><span style=\"font-weight: 400;\">4 pm &#8211; 7 pm ESP<\/span><\/td>\n<td>\n<p style=\"text-align: center;\"><span style=\"font-weight: 400;\">9 am &#8211; 12 pm COL<\/span><\/p>\n<p style=\"text-align: center;\"><span style=\"font-weight: 400;\">4 pm &#8211; 7 pm ESP<\/span><\/p>\n<\/td>\n<\/tr>\n<tr>\n<td>\n<p style=\"text-align: center;\"><span style=\"font-weight: 400;\"><strong>sessions individuals<\/strong>\u00a0<\/span><\/p>\n<p style=\"text-align: center;\"><span style=\"font-weight: 400;\">[2 hores per definir amb cada resident durant aquesta setmana]<\/span><\/p>\n<p style=\"text-align: center;\"><span style=\"font-weight: 400; color: #008080;\">2 persones<\/span><\/p>\n<\/td>\n<td>\n<p style=\"text-align: center;\"><span style=\"font-weight: 400;\"><strong>sessions individuals<\/strong>\u00a0<\/span><\/p>\n<p style=\"text-align: center;\"><span style=\"font-weight: 400;\">[2 hores per definir amb cada resident durant aquesta setmana]<\/span><\/p>\n<p style=\"text-align: center;\"><span style=\"font-weight: 400; color: #008080;\">2 persones<\/span><\/p>\n<\/td>\n<td><\/td>\n<td>\n<p style=\"text-align: center;\"><span style=\"font-weight: 400;\"><strong>sessi\u00f3 grupal<\/strong> <\/span><span style=\"font-weight: 400;\">[presentaci\u00f3 de projectes]<\/span><\/p>\n<p style=\"text-align: center;\"><span style=\"font-weight: 400; color: #008080;\">presenten 2 persones<\/span><\/p>\n<p style=\"text-align: center;\"><span style=\"font-weight: 400; color: #800080;\">grupal<\/span><\/p>\n<\/td>\n<td>\n<p style=\"text-align: center;\"><span style=\"font-weight: 400;\"><strong>sessi\u00f3 grupal<\/strong> <\/span><span style=\"font-weight: 400;\">[presentaci\u00f3 de projectes]<\/span><\/p>\n<p style=\"text-align: center;\"><span style=\"font-weight: 400; color: #008080;\">presenten 2 persones<\/span><\/p>\n<p style=\"text-align: center;\"><span style=\"font-weight: 400; color: #800080;\">grupal<\/span><\/p>\n<\/td>\n<\/tr>\n<tr>\n<td rowspan=\"3\"><b>3<\/b><\/td>\n<td>\n<p style=\"text-align: center;\"><b>12<\/b><\/p>\n<\/td>\n<td style=\"text-align: center;\"><b>13<\/b><\/td>\n<td style=\"text-align: center;\"><b>14<\/b><\/td>\n<td style=\"text-align: center;\"><b>15<\/b><\/td>\n<td>\n<p style=\"text-align: center;\"><b>16<\/b><\/p>\n<\/td>\n<\/tr>\n<tr>\n<td><\/td>\n<td>\n<p style=\"text-align: center;\"><span style=\"font-weight: 400;\">9 am &#8211; 12 pm COL<\/span><\/p>\n<p style=\"text-align: center;\"><span style=\"font-weight: 400;\">4 pm &#8211; 7 pm ESP<\/span><\/p>\n<\/td>\n<td style=\"text-align: center;\"><\/td>\n<td style=\"text-align: center;\"><span style=\"font-weight: 400;\">9 am -1:15 pm COL<\/span><\/p>\n<p><span style=\"font-weight: 400;\">4 pm &#8211; 8:15 pm ESP<\/span><\/td>\n<td>\n<p style=\"text-align: center;\"><span style=\"font-weight: 400;\">9 am -1:15 pm COL<\/span><\/p>\n<p style=\"text-align: center;\"><span style=\"font-weight: 400;\">4 pm &#8211; 8:15 pm ESP<\/span><\/p>\n<\/td>\n<\/tr>\n<tr>\n<td style=\"text-align: center;\"><span style=\"font-weight: 400; color: #ff0000;\">festiu<\/span><\/td>\n<td>\n<p style=\"text-align: center;\"><span style=\"font-weight: 400;\"><strong>sessi\u00f3 grupal<\/strong> <\/span><span style=\"font-weight: 400;\">[presentaci\u00f3 de projectes]<\/span><\/p>\n<p style=\"text-align: center;\"><span style=\"font-weight: 400; color: #008080;\">presenten 2 persones<\/span><\/p>\n<p style=\"text-align: center;\"><span style=\"font-weight: 400; color: #800080;\">grupal<\/span><\/p>\n<\/td>\n<td><\/td>\n<td>\n<p style=\"text-align: center;\"><span style=\"font-weight: 400;\"><strong>sessions individuals<\/strong>\u00a0<\/span><\/p>\n<p style=\"text-align: center;\"><span style=\"font-weight: 400;\">[2 hores per definir amb cada resident durant aquesta setmana]<\/span><\/p>\n<p style=\"text-align: center;\"><span style=\"font-weight: 400; color: #008080;\">2 persones<\/span><\/p>\n<\/td>\n<td>\n<p style=\"text-align: center;\"><span style=\"font-weight: 400;\"><strong>sessions individuals<\/strong>\u00a0<\/span><\/p>\n<p style=\"text-align: center;\"><span style=\"font-weight: 400;\">[2 hores per definir amb cada resident durant aquesta setmana]<\/span><\/p>\n<p style=\"text-align: center;\"><span style=\"font-weight: 400; color: #008080;\">2 persones<\/span><\/p>\n<\/td>\n<\/tr>\n<tr>\n<td rowspan=\"3\"><b>4<\/b><\/td>\n<td>\n<p style=\"text-align: center;\"><b>19<\/b><\/p>\n<\/td>\n<td style=\"text-align: center;\"><b>20<\/b><\/td>\n<td style=\"text-align: center;\"><b>21<\/b><\/td>\n<td style=\"text-align: center;\"><b>22<\/b><\/td>\n<td>\n<p style=\"text-align: center;\"><b>23<\/b><\/p>\n<\/td>\n<\/tr>\n<tr>\n<td>\n<p style=\"text-align: center;\"><span style=\"font-weight: 400;\">9 am -1:15 pm COL<\/span><\/p>\n<p style=\"text-align: center;\"><span style=\"font-weight: 400;\">4 pm &#8211; 8:15 pm ESP<\/span><\/p>\n<\/td>\n<td style=\"text-align: center;\"><\/td>\n<td style=\"text-align: center;\"><\/td>\n<td>\n<p style=\"text-align: center;\"><span style=\"font-weight: 400;\">9 am &#8211; 12 pm COL<\/span><\/p>\n<p style=\"text-align: center;\"><span style=\"font-weight: 400;\">4 pm &#8211; 7 pm ESP<\/span><\/p>\n<\/td>\n<td><\/td>\n<\/tr>\n<tr>\n<td>\n<p style=\"text-align: center;\"><span style=\"font-weight: 400;\"><strong>sessions individuals<\/strong>\u00a0<\/span><\/p>\n<p style=\"text-align: center;\"><span style=\"font-weight: 400;\">[2 hores per definir amb cada resident durant aquesta setmana]<\/span><\/p>\n<p style=\"text-align: center;\"><span style=\"font-weight: 400; color: #008080;\">2 persones<\/span><\/p>\n<\/td>\n<td><\/td>\n<td style=\"text-align: center;\"><\/td>\n<td>\n<p style=\"text-align: center;\"><strong><span style=\"color: #800080;\">debat<\/span><\/strong><\/p>\n<p style=\"text-align: center;\"><strong><span style=\"color: #800080;\">grupal<\/span><\/strong><\/p>\n<\/td>\n<td><\/td>\n<\/tr>\n<tr>\n<td rowspan=\"3\"><b>5<\/b><\/td>\n<td>\n<p style=\"text-align: center;\"><b>26<\/b><\/p>\n<\/td>\n<td style=\"text-align: center;\"><b>27<\/b><\/td>\n<td style=\"text-align: center;\"><b>28<\/b><\/td>\n<td style=\"text-align: center;\"><b>29<\/b><\/td>\n<td>\n<p style=\"text-align: center;\"><b>30<\/b><\/p>\n<\/td>\n<\/tr>\n<tr>\n<td>\n<p style=\"text-align: center;\"><span style=\"font-weight: 400;\">9 am &#8211; 12 pm COL<\/span><\/p>\n<p style=\"text-align: center;\"><span style=\"font-weight: 400;\">4 pm &#8211; 7 pm ESP<\/span><\/p>\n<\/td>\n<td style=\"text-align: center;\"><\/td>\n<td style=\"text-align: center;\"><span style=\"font-weight: 400;\">9 am &#8211; 12 pm COL<\/span><\/p>\n<p><span style=\"font-weight: 400;\">4 pm &#8211; 7 pm ESP<\/span><\/td>\n<td style=\"text-align: center;\"><\/td>\n<td>\n<p style=\"text-align: center;\"><span style=\"font-weight: 400;\">9 am &#8211; 12 pm COL<\/span><\/p>\n<p style=\"text-align: center;\"><span style=\"font-weight: 400;\">4 pm &#8211; 7 pm ESP<\/span><\/p>\n<\/td>\n<\/tr>\n<tr>\n<td>\n<p style=\"text-align: center;\"><strong>sessi\u00f3 grupal*<\/strong><\/p>\n<p style=\"text-align: center;\"><span style=\"font-weight: 400;\">presenten 2 persones<\/span><\/p>\n<p style=\"text-align: center;\"><span style=\"font-weight: 400; color: #800080;\">grupal<\/span><\/p>\n<\/td>\n<td style=\"text-align: center;\"><\/td>\n<td>\n<p style=\"text-align: center;\"><strong>sessi\u00f3 grupal*<\/strong><\/p>\n<p style=\"text-align: center;\"><span style=\"font-weight: 400;\">presenten 2 persones<\/span><\/p>\n<p style=\"text-align: center;\"><span style=\"font-weight: 400; color: #800080;\">grupal<\/span><\/p>\n<p>&nbsp;<\/td>\n<td><\/td>\n<td>\n<p style=\"text-align: center;\"><strong>sessi\u00f3 grupal*<\/strong><\/p>\n<p style=\"text-align: center;\"><span style=\"font-weight: 400;\">presenten 2 persones<\/span><\/p>\n<p style=\"text-align: center;\"><span style=\"font-weight: 400; color: #800080;\">grupal<\/span><\/p>\n<p>&nbsp;<\/td>\n<\/tr>\n<\/tbody>\n<\/table>\n<p><span style=\"font-weight: 400;\">*Les presentaciones finals podr\u00edan ser p\u00fabliques (trasmisi\u00f3n en xarxes socials)<\/span><\/p>\n<p>&nbsp;<\/p>\n<p><strong>\u00bfPer a qui?<\/strong><\/p>\n<p>Est\u00e0 dirigit a creadors que compten amb el temps suficient per dedicar-lo al seu proc\u00e9s creatiu i que no poden despla\u00e7ar-se (per les restriccions actuals en la circulaci\u00f3, per falta de recursos econ\u00f2mics, manca de temps per a una dedicaci\u00f3 exclusiva, per compromisos laborals, familiars, etc\u00e8tera).<\/p>\n<p><strong>Termes de la convocat\u00f2ria<\/strong><\/p>\n<p>El jurat seleccionar\u00e0 6 propostes en espanyol (resid\u00e8ncia al setembre) i 6 propostes en angl\u00e8s (resid\u00e8ncia a l&#8217;octubre) i, ens complau poder oferir, una beca completa (en espanyol o en angl\u00e8s) per fer part del programa de resid\u00e8ncia virtual.<\/p>\n<p>Valor de la resid\u00e8ncia: $ 1.890.000 COP &#8211; 452 \u20ac<\/p>\n<p>&nbsp;<\/p>\n<p>Postulaci\u00f3<\/p>\n<p>-OMPLI EL\u00a0<span style=\"color: #0000ff;\"><strong style=\"text-decoration-line: underline;\"><a style=\"color: #0000ff;\" href=\"https:\/\/docs.google.com\/forms\/d\/e\/1FAIpQLSeMCpUBSY6_-lLWVjJ_l2rNfSmDZ7W1S9CWTtFvRVmQIX13Aw\/viewform?usp=sf_link\" target=\"_blank\" rel=\"noopener noreferrer\">FORMULARI<\/a><\/strong><\/span>\u00a0amb les seves dades. Nom complet, lloc i data de naixement, correu electr\u00f2nic, tel\u00e8fon m\u00f2bil, pa\u00eds i ciutat de resid\u00e8ncia, web o vincles xarxes socials &#8230;<\/p>\n<p>-ENV\u00cf A EL CORREU ELECTR\u00d2NIC<span style=\"color: #0000ff;\">\u00a0<a style=\"color: #0000ff;\" href=\"mailto:remota2020@gmail.com\" target=\"_blank\" rel=\"noopener noreferrer\">remota2020@gmail.com<\/a><\/span> un arxiu titulat &#8220;Cognom_REMOTA&#8221; amb el mateix assumpte: &#8220;Cognom_REMOTA&#8221; (m\u00e0xim 5M)<\/p>\n<p>&nbsp;<\/p>\n<p>Aquest document ha d&#8217;incloure, en aquest ordre:<\/p>\n<ol>\n<li>Breu biografia \/ perfil<\/li>\n<li>Una declaraci\u00f3 del creador (un breu resum del seu treball, temes de recerca i inter\u00e8s, refer\u00e8ncies i \/ o informaci\u00f3 sobre el seu camp d&#8217;investigaci\u00f3 actual)<\/li>\n<li>Mostres del seu treball recent (m\u00e0xim 3 p\u00e0gines per a escriptors i 5 per a artistes visuals, amb una breu descripci\u00f3 de fins a 5 oracions per treball, si cal)<\/li>\n<li>Descripci\u00f3 del projecte (en curs o nou)<\/li>\n<li>Un enregistrament de veu \/ v\u00eddeo \/ multim\u00e8dia * amb una mostra del seu treball. Inclogui un enlla\u00e7 incrustat en el .pdf perqu\u00e8 puguem accedir des d&#8217;all\u00e0.<\/li>\n<li>CV<\/li>\n<\/ol>\n<p>Notes: L&#8217;aplicaci\u00f3 pot ser en espanyol o angl\u00e8s, segons el grup del seu inter\u00e8s (espanyol: setembre \/\/ angl\u00e8s, octubre). Les postulacions que no compleixin amb les especificacions no seran tingudes en compte.<\/p>\n<p>* Nom\u00e9s per als casos d&#8217;escriptors i artistes que treballin amb so.<\/p>\n<p>&nbsp;<\/p>\n<p><b>Els residents es comprometen a:<\/b><\/p>\n<p><span style=\"font-weight: 400;\">&#8211; <\/span>Acceptar els termes de la convocat\u00f2ria<br \/>\n&#8211; Assegurar la seva participaci\u00f3 en les dates previstes (no ajornable)<br \/>\n&#8211; Participar en les presentacions i debats organitzats durant la resid\u00e8ncia<br \/>\n&#8211; Autoritzar l&#8217;\u00fas de documentaci\u00f3 amb fins divulgatius i arxiu de la resid\u00e8ncia<\/p>\n<p>Els resultats ser\u00e0 publicats en les p\u00e0gines <a href=\"http:\/\/www.guionbajo.org\/REMOTA\" target=\"_blank\" rel=\"noopener noreferrer\">www.guionbajo.org\/REMOTA<\/a> i <a href=\"http:\/\/canserrat.org\/es\/remota-open-call-results\" target=\"_blank\" rel=\"noopener noreferrer\">http:\/\/canserrat.org\/es\/remota-open-call-results<\/a> i es notificar\u00e0 a cada un dels seleccionats per correu electr\u00f2nic.<\/p>\n<p>Al ser acceptat, el participant tindr\u00e0 set (7) dies per respondre. En cas que algun dels guanyadors no pugui realitzar la resid\u00e8ncia, es contactaran a les persones en llista d&#8217;espera.<\/p>\n<p>&nbsp;<\/p>\n<p><span style=\"font-weight: 400;\">duptes: <a href=\"mailto:remota2020@gmail.com\" target=\"_blank\" rel=\"noopener noreferrer\">remota2020@gmail.com<\/a><\/span><\/p>\n<p>&nbsp;<\/p>\n<p><b>Jurado y equipo REMOTA<\/b><\/p>\n<p>&nbsp;<\/p>\n<p><b>Sophie Blais. <\/b>Directora Can Serrat<\/p>\n<p><span style=\"font-weight: 400;\">Va estudiar arts visuals a la Universitat d&#8217;Estrasburg, fotografia a l&#8217;escola ICART-Photo a Par\u00eds i va acabar amb el m\u00e0ster en estudis cinematogr\u00e0fiques i fotogr\u00e0fiques a la Universitat Louis Lumi\u00e8re de Li\u00f3. <\/span><span style=\"font-weight: 400;\">Durant deu anys, treballa en el camp de l&#8217;art contemporani i de les arts visuals al Museu Nicephore Niepce (Chalon-sur-Sa\u00f4ne), LUX (Valence), Les Rencontres de les fotografies Arles i el Creux de l&#8217;Enfer (Thiers).\u00a0\u00a0<\/span><span style=\"font-weight: 400;\">Des del 2015, treballa com a Directora a Can Serrat, residencia internacionals per a artistes.<\/span><\/p>\n<p><span style=\"font-weight: 400;\">Mentres coordina aquest projecte, Sophie participa a varios jurats de resid\u00e8ncies, exposicions, confer\u00e8ncies, publicacions __ entre altres per l&#8217;Ohio Art League amb el Columbus College of Art &amp; Design, i per la Universitat de Barcelona dins del programa &#8216;On Mediation&#8217;, publicacions per la revista &#8216;Yucca magazine&#8217;, &#8216;Le Crabe, \u2018Leopardskinandlimes\u2019.<\/span><\/p>\n<p>&nbsp;<\/p>\n<p><b>Sarah Goodchild Robb.<\/b><span style=\"font-weight: 400;\"> Cordinadora Art\u00edstica Can Serrat<\/span><\/p>\n<p><span style=\"font-weight: 400;\">Va rebre el seu m\u00e0ster en pr\u00e0ctica de l&#8217;estudi a The City College of New York, CUNY (2014) i va llicenciar-se en Hist\u00f2ria de l&#8217;art i franc\u00e8s de Bard College a Simon&#8217;s Rock (2006).\u00a0<\/span><span style=\"font-weight: 400;\">Mentre va completar els seus estudis de m\u00e0ster, va realitzar pr\u00e0ctiques d&#8217;investigaci\u00f3 al Whitney Museum of American Art de Nova York i, abans, va ser educadora i administradora d&#8217;art en una organitzaci\u00f3 sense \u00e0nim de lucre a Portland, OR.\u00a0<\/span><span style=\"font-weight: 400;\">El 2018 va ser cofundador de MODS, una iniciativa creativa creada actualment a Barcelona i Leipzig, juntament amb l&#8217;artista visual Maria Kim. Ha finalitzat les seves resid\u00e8ncies a Can Serrat (2015) i Picture Berlin (2013) i, a l&#8217;octubre de 2015, va organitzar una exposici\u00f3 col\u00b7lectiva a l&#8217;acad\u00e8mic, una galeria basada a Long Island City, NYC, titulada Fragments of Space.<\/span><\/p>\n<p>&nbsp;<\/p>\n<p><b>Paola Caballero Daza.<\/b><span style=\"font-weight: 400;\"> Gestora cultural, escritora y directora de guion bajo<\/span><\/p>\n<p><span style=\"font-weight: 400;\">Va estudiar literatura a la Universitat dels Andes i un mestratge en Estudis d&#8217;\u00c0sia i \u00c0frica del Col\u00b7legi de M\u00e8xic. Compta amb m\u00e9s de 15 anys d&#8217;experi\u00e8ncia treballant en institucions p\u00fabliques i privades relacionades amb la cultura i la literatura i ha coordinat diversos projectes com el Premi Hispanoameric\u00e0 de Conte Gabriel Garc\u00eda M\u00e1rquez a la Biblioteca Nacional de Col\u00f2mbia. Paola ha estat jurat de diverses beques, premis i est\u00edmuls, i ha publicat cr\u00f2niques, contes i altres escrits, entre ells <\/span><span style=\"font-weight: 400;\"><em> Voy y vengo<\/em> amb El Peregrino Ediciones.<\/span><\/p>\n<p>&nbsp;<\/p>\n<p><b>Jurats convidats:<\/b><\/p>\n<p>&nbsp;<\/p>\n<p><b>Juliana Borrero Echeverry.\u00a0<\/b>Escriptora, traductora i performer<\/p>\n<p>Colombiana resident a Tunja. Literata amb mestratge en Estudis de el cos de Goddard College a USA, i estudis en el Mestratge Interdisciplinar en Teatre i Arts Vives a la Universitat Nacional de Col\u00f2mbia.<\/p>\n<p>&nbsp;<\/p>\n<p><b>Duncan Gibbs<\/b><span style=\"font-weight: 400;\"> (b. 1993)\u00a0<\/span>Artista londinenc que viu entre Barcelona i Londres<\/p>\n<p>Despr\u00e9s de graduar de l&#8217;Slade School of Art el 2016, va estar vinculat en qualitat de resident amb La Infinita de l&#8217;Hospitalet, un laboratori de creaci\u00f3, investigaci\u00f3 i producci\u00f3 art\u00edstica centrat en la trobada d&#8217;arts visuals i arts vives. Dins de les seves exposicions recents estan V22 &#8216;s Young London (2018), una Exposici\u00f3 com ara un conjur&#8217;, Centre C\u00edvic Can Felipa, Barcelona (2018), Far Away Treasure, un esdeveniment de col\u00b7laboraci\u00f3 entre Can Serrat i Nyam Nyam, Barcelona (2018) i Many, Limbo, Londres (2017).<\/p>\n<p><a href=\"http:\/\/www.duncangibbs.co.uk\/\">www.duncangibbs.co.uk<\/a>","protected":false},"excerpt":{"rendered":"<p>&nbsp; CONVOCAT\u00d2RIA OBERTA\u00a0 REMOTA residir a dist\u00e0ncia &nbsp; Data d&#8217;obertura:\u00a0 \u00a0 \u00a0 \u00a0 \u00a0 \u00a0 \u00a0 \u00a0 \u00a0 \u00a0 \u00a0 \u00a0 \u00a0dissabte 20 de juny Data de tancament: \u00a0 \u00a0 \u00a0 \u00a0 \u00a0 \u00a0 \u00a0 \u00a0 \u00a0 \u00a0dilluns 20 de &hellip; <a href=\"https:\/\/canserrat.org\/ca\/remota\/residiradistancia\/remota-open-calls\">Continued<\/a><\/p>\n","protected":false},"author":6,"featured_media":0,"parent":5255,"menu_order":0,"comment_status":"closed","ping_status":"closed","template":"","meta":{"_monsterinsights_skip_tracking":false,"_monsterinsights_sitenote_active":false,"_monsterinsights_sitenote_note":"","_monsterinsights_sitenote_category":0,"footnotes":""},"_links":{"self":[{"href":"https:\/\/canserrat.org\/ca\/wp-json\/wp\/v2\/pages\/5379"}],"collection":[{"href":"https:\/\/canserrat.org\/ca\/wp-json\/wp\/v2\/pages"}],"about":[{"href":"https:\/\/canserrat.org\/ca\/wp-json\/wp\/v2\/types\/page"}],"author":[{"embeddable":true,"href":"https:\/\/canserrat.org\/ca\/wp-json\/wp\/v2\/users\/6"}],"replies":[{"embeddable":true,"href":"https:\/\/canserrat.org\/ca\/wp-json\/wp\/v2\/comments?post=5379"}],"version-history":[{"count":24,"href":"https:\/\/canserrat.org\/ca\/wp-json\/wp\/v2\/pages\/5379\/revisions"}],"predecessor-version":[{"id":5434,"href":"https:\/\/canserrat.org\/ca\/wp-json\/wp\/v2\/pages\/5379\/revisions\/5434"}],"up":[{"embeddable":true,"href":"https:\/\/canserrat.org\/ca\/wp-json\/wp\/v2\/pages\/5255"}],"wp:attachment":[{"href":"https:\/\/canserrat.org\/ca\/wp-json\/wp\/v2\/media?parent=5379"}],"curies":[{"name":"wp","href":"https:\/\/api.w.org\/{rel}","templated":true}]}}