{"id":3415,"date":"2019-04-23T10:45:40","date_gmt":"2019-04-23T10:45:40","guid":{"rendered":"http:\/\/canserrat.org\/?page_id=3415"},"modified":"2019-04-23T11:02:28","modified_gmt":"2019-04-23T11:02:28","slug":"raco","status":"publish","type":"page","link":"https:\/\/canserrat.org\/ca\/programa-de-residencia\/raco","title":{"rendered":"(Espa\u00f1ol) RAC\u00d3"},"content":{"rendered":"<h4><a href=\"http:\/\/canserrat.org\/wp-content\/uploads\/2019\/04\/raco2019.jpg\"><img decoding=\"async\" loading=\"lazy\" class=\"alignnone wp-image-3416 size-full\" src=\"http:\/\/canserrat.org\/wp-content\/uploads\/2019\/04\/raco2019.jpg\" alt=\"\" width=\"1040\" height=\"400\" srcset=\"https:\/\/canserrat.org\/wp-content\/uploads\/2019\/04\/raco2019.jpg 1040w, https:\/\/canserrat.org\/wp-content\/uploads\/2019\/04\/raco2019-300x115.jpg 300w, https:\/\/canserrat.org\/wp-content\/uploads\/2019\/04\/raco2019-1024x394.jpg 1024w\" sizes=\"(max-width: 1040px) 100vw, 1040px\" \/><\/a><\/h4>\n<p>cada dimarts<\/p>\n<p>una invitaci\u00f3<\/p>\n<p>una conversa<\/p>\n<p>proposat per al resident<\/p>\n<p>sobre un tema espec\u00edfic<\/p>\n<p>relacionat amb la teva propia investigaci\u00f3<\/p>\n<p>&nbsp;<\/p>\n<p><em>per al resident \u00e9s una experi\u00e8ncia per discutir o un primer esborrany perqu\u00e8 comenci una nova investigaci\u00f3 o qualsevol cosa que no estiguem pensant per\u00f2 que estigui clarament explicada.<\/em><\/p>\n<p>&nbsp;<\/p>\n<p>adre\u00e7at a<\/p>\n<p>tothom qui estigui interessat a participar<\/p>\n<p>en una conversaci\u00f3<\/p>\n<p>&nbsp;<\/p>\n<p>no es<\/p>\n<p>una mostra art\u00edstica o una lectura<\/p>\n<p>una activitat pasiva<\/p>\n<p>&nbsp;<\/p>\n<p>s&#8217;espera de l&#8217;organitzador que<\/p>\n<p>avisi als participans minim em una setmana d&#8217;antelaci\u00f3<\/p>\n<p>amb referencies clares i limitades<\/p>\n<p>s&#8217;espera de cada participant<\/p>\n<p>que vingui em notes, refer\u00e8ncies, pensaments per recolzar la conversa col\u00b7lectivament<\/p>\n<p>&nbsp;<\/p>\n<p>enregistrant els sons<\/p>\n<p>publicat online com un podcast<\/p>\n<p>com un arxiu","protected":false},"excerpt":{"rendered":"<p>cada dimarts una invitaci\u00f3 una conversa proposat per al resident sobre un tema espec\u00edfic relacionat amb la teva propia investigaci\u00f3 &nbsp; per al resident \u00e9s una experi\u00e8ncia per discutir o un primer esborrany perqu\u00e8 comenci una nova investigaci\u00f3 o qualsevol &hellip; <a href=\"https:\/\/canserrat.org\/ca\/programa-de-residencia\/raco\">Continued<\/a><\/p>\n","protected":false},"author":3,"featured_media":3140,"parent":2068,"menu_order":0,"comment_status":"closed","ping_status":"closed","template":"","meta":{"_monsterinsights_skip_tracking":false,"_monsterinsights_sitenote_active":false,"_monsterinsights_sitenote_note":"","_monsterinsights_sitenote_category":0,"footnotes":""},"_links":{"self":[{"href":"https:\/\/canserrat.org\/ca\/wp-json\/wp\/v2\/pages\/3415"}],"collection":[{"href":"https:\/\/canserrat.org\/ca\/wp-json\/wp\/v2\/pages"}],"about":[{"href":"https:\/\/canserrat.org\/ca\/wp-json\/wp\/v2\/types\/page"}],"author":[{"embeddable":true,"href":"https:\/\/canserrat.org\/ca\/wp-json\/wp\/v2\/users\/3"}],"replies":[{"embeddable":true,"href":"https:\/\/canserrat.org\/ca\/wp-json\/wp\/v2\/comments?post=3415"}],"version-history":[{"count":3,"href":"https:\/\/canserrat.org\/ca\/wp-json\/wp\/v2\/pages\/3415\/revisions"}],"predecessor-version":[{"id":3419,"href":"https:\/\/canserrat.org\/ca\/wp-json\/wp\/v2\/pages\/3415\/revisions\/3419"}],"up":[{"embeddable":true,"href":"https:\/\/canserrat.org\/ca\/wp-json\/wp\/v2\/pages\/2068"}],"wp:featuredmedia":[{"embeddable":true,"href":"https:\/\/canserrat.org\/ca\/wp-json\/wp\/v2\/media\/3140"}],"wp:attachment":[{"href":"https:\/\/canserrat.org\/ca\/wp-json\/wp\/v2\/media?parent=3415"}],"curies":[{"name":"wp","href":"https:\/\/api.w.org\/{rel}","templated":true}]}}