{"id":153,"date":"2016-03-28T15:01:57","date_gmt":"2016-03-28T15:01:57","guid":{"rendered":"http:\/\/canserrat.org\/?page_id=153"},"modified":"2026-02-27T15:08:01","modified_gmt":"2026-02-27T15:08:01","slug":"team","status":"publish","type":"page","link":"https:\/\/canserrat.org\/ca\/about\/team","title":{"rendered":"L&#8217;equip"},"content":{"rendered":"&nbsp;<\/p>\n<p><span class=\"hiddenSpellError\"><strong>SOPHIE<\/strong><\/span><strong>\u00a0BLAIS<\/strong> _ <span style=\"font-weight: 400;\">Direcci\u00f3 general i art\u00edstica<\/span><\/p>\n<p><strong>GEORGINA\u00a0<span class=\"hiddenGrammarError\">TEIXIDOR<\/span>\u00a0<\/strong>_ Direcci\u00f3 administrativa i log\u00edstica<\/p>\n<p><strong><span class=\"hiddenSpellError\">SARAH<\/span>\u00a0<span class=\"hiddenSpellError\">GOODCHILD<\/span>\u00a0<span class=\"hiddenSpellError\">ROBB<\/span><\/strong> _ Responsable del acompanyament en residencia<\/p>\n<p><strong>ANA NEMIROVSKY _ <\/strong>Comunicaci\u00f3<\/p>\n<p><strong>ELY DAOU_ <\/strong>Coordinaci\u00f3 de comunitat i t\u00e9cnic<\/p>\n<p>&nbsp;<\/p>\n<p><strong>Artista o Escriptor.a \/ Col\u00b7laboradors 2026: <\/strong>Mar\u00eda Vilchez, Rafael Duarte, Michael McMahon, Vlada Predelina i Judit Luna.<\/p>\n<p>&nbsp;<\/p>\n<p><strong>Can Serrat \u00e9s membre de:<\/strong><span style=\"font-weight: 400;\"><br \/>\n<\/span><span style=\"font-weight: 400;\"><br \/>\n<\/span><\/p>\n<p><a href=\"https:\/\/www.xarxaprod.cat\/p\/1\/cat\/INICI\" target=\"_blank\" rel=\"attachment noopener wp-att-3180 noreferrer\"><img decoding=\"async\" loading=\"lazy\" class=\"alignnone wp-image-3180\" src=\"http:\/\/canserrat.org\/wp-content\/uploads\/2016\/03\/logo.png\" alt=\"logo\" width=\"156\" height=\"61\" \/><\/a><\/p>\n<p>&nbsp;<\/p>\n<p><span style=\"font-weight: 400;\">TAV_CC &#8211; <a href=\"https:\/\/taulaartsvisualscc.wordpress.com\">taulaartsvisualscc.wordpress.com<\/a><\/span><span style=\"font-weight: 400;\"><br \/>\n<\/span><span style=\"font-weight: 400;\">La Mesa de les Arts visuals de Catalunya Central \u00e9s una entitat aut\u00f2noma que recull la inquietud de diversos agents de la vida cultural de les comarques centrals per donar visibilitat als projectes del sector de les arts visuals.<\/span><span style=\"font-weight: 400;\"><br \/>\n<\/span><\/p>\n<p>&nbsp;<\/p>\n<p>&nbsp;<\/p>\n<p><em>Membres Honor\u00edfics<\/em><\/p>\n<p><strong>DANIEL MORENO ROLD\u00c1N<\/strong><\/p>\n<p><strong>NIHAL MUMCU<\/strong><\/p>\n<p><strong>ANNA PAHISSA<\/strong><\/p>\n<p><strong>ANNE TONE LIE\u00a0<\/strong>","protected":false},"excerpt":{"rendered":"<p>&nbsp; SOPHIE\u00a0BLAIS _ Direcci\u00f3 general i art\u00edstica GEORGINA\u00a0TEIXIDOR\u00a0_ Direcci\u00f3 administrativa i log\u00edstica SARAH\u00a0GOODCHILD\u00a0ROBB _ Responsable del acompanyament en residencia ANA NEMIROVSKY _ Comunicaci\u00f3 ELY DAOU_ Coordinaci\u00f3 de comunitat i t\u00e9cnic &nbsp; Artista o Escriptor.a \/ Col\u00b7laboradors 2026: Mar\u00eda Vilchez, Rafael &hellip; <a href=\"https:\/\/canserrat.org\/ca\/about\/team\">Continued<\/a><\/p>\n","protected":false},"author":3,"featured_media":0,"parent":2,"menu_order":0,"comment_status":"closed","ping_status":"closed","template":"","meta":{"_monsterinsights_skip_tracking":false,"_monsterinsights_sitenote_active":false,"_monsterinsights_sitenote_note":"","_monsterinsights_sitenote_category":0,"footnotes":""},"_links":{"self":[{"href":"https:\/\/canserrat.org\/ca\/wp-json\/wp\/v2\/pages\/153"}],"collection":[{"href":"https:\/\/canserrat.org\/ca\/wp-json\/wp\/v2\/pages"}],"about":[{"href":"https:\/\/canserrat.org\/ca\/wp-json\/wp\/v2\/types\/page"}],"author":[{"embeddable":true,"href":"https:\/\/canserrat.org\/ca\/wp-json\/wp\/v2\/users\/3"}],"replies":[{"embeddable":true,"href":"https:\/\/canserrat.org\/ca\/wp-json\/wp\/v2\/comments?post=153"}],"version-history":[{"count":91,"href":"https:\/\/canserrat.org\/ca\/wp-json\/wp\/v2\/pages\/153\/revisions"}],"predecessor-version":[{"id":9415,"href":"https:\/\/canserrat.org\/ca\/wp-json\/wp\/v2\/pages\/153\/revisions\/9415"}],"up":[{"embeddable":true,"href":"https:\/\/canserrat.org\/ca\/wp-json\/wp\/v2\/pages\/2"}],"wp:attachment":[{"href":"https:\/\/canserrat.org\/ca\/wp-json\/wp\/v2\/media?parent=153"}],"curies":[{"name":"wp","href":"https:\/\/api.w.org\/{rel}","templated":true}]}}